{"id":2676,"date":"2021-08-04T15:44:24","date_gmt":"2021-08-04T13:44:24","guid":{"rendered":"https:\/\/www.zukunftsbranche-bahn.de\/tips-and-information\/"},"modified":"2023-11-29T12:53:04","modified_gmt":"2023-11-29T11:53:04","slug":"tips-and-information","status":"publish","type":"page","link":"https:\/\/www.zukunftsbranche-bahn.de\/en\/tips-and-information\/","title":{"rendered":"Tips &amp; Information"},"content":{"rendered":"\n<div class=\"wp-block-cover alignfull has-parallax has-custom-content-position is-position-bottom-right mobile-header\" style=\"min-height:440px;aspect-ratio:unset;\"><span aria-hidden=\"true\" class=\"wp-block-cover__background has-theme-palette-1-background-color has-background-dim\"><\/span><div role=\"img\" class=\"wp-block-cover__image-background wp-image-1526 has-parallax\" style=\"background-position:50% 50%;background-image:url(https:\/\/www.zukunftsbranche-bahn.de\/wp-content\/uploads\/schnellzug-closeup.jpg)\"><\/div><div class=\"wp-block-cover__inner-container is-layout-flow wp-block-cover-is-layout-flow\">\n<p class=\"has-text-align-center mobile-header\" style=\"font-size:60px;line-height:1\">Tips &amp; Information<\/p>\n<\/div><\/div>\n\n<h1 class=\"tb-heading\" data-toolset-blocks-heading=\"de31bd02d48f106671751fd9d7b42431\" data-last-update=\"1.4\">Latest News, Reports, Tips and Information<\/h1>\n<nav id=\"kadence-breadcrumbs\" aria-label=\"Breadcrumbs\"  class=\"kadence-breadcrumbs\"><div class=\"kadence-breadcrumb-container\"><span><a href=\"https:\/\/www.zukunftsbranche-bahn.de\/en\/\" title=\"Home\" itemprop=\"url\" class=\"kadence-bc-home kadence-bc-home-icon\" ><span><span class=\"kadence-svg-iconset svg-baseline\"><svg aria-hidden=\"true\" class=\"kadence-svg-icon kadence-home-svg\" fill=\"currentColor\" version=\"1.1\" xmlns=\"http:\/\/www.w3.org\/2000\/svg\" width=\"24\" height=\"24\" viewBox=\"0 0 24 24\"><title>Home<\/title><path d=\"M9.984 20.016h-4.969v-8.016h-3l9.984-9 9.984 9h-3v8.016h-4.969v-6h-4.031v6z\"><\/path>\n\t\t\t\t<\/svg><\/span><\/span><\/a><\/span> <span class=\"bc-delimiter\">\/<\/span> <span class=\"kadence-bread-current\">Tips &amp; Information<\/span><\/div><\/nav>\n<style>.wp-block-kadence-spacer.kt-block-spacer-_1ef354-54 .kt-block-spacer{height:40px;}.wp-block-kadence-spacer.kt-block-spacer-_1ef354-54 .kt-divider{border-top-width:1px;height:1px;border-top-color:var(--global-palette7, #EDF2F7);width:100%;border-top-style:solid;}<\/style>\n<div class=\"wp-block-kadence-spacer aligncenter kt-block-spacer-_1ef354-54\"><div class=\"kt-block-spacer kt-block-spacer-halign-center\"><hr class=\"kt-divider\"\/><\/div><\/div>\n<style>.wp-block-kadence-spacer.kt-block-spacer-_e78b64-20 .kt-block-spacer{height:40px;}.wp-block-kadence-spacer.kt-block-spacer-_e78b64-20 .kt-divider{border-top-width:1px;height:1px;border-top-color:var(--global-palette7, #EDF2F7);width:100%;border-top-style:solid;}<\/style>\n<div class=\"wp-block-kadence-spacer aligncenter kt-block-spacer-_e78b64-20\"><div class=\"kt-block-spacer kt-block-spacer-halign-center\"><\/div><\/div>\n\n<div class=\"wp-block-columns is-layout-flex wp-container-core-columns-is-layout-9d6595d7 wp-block-columns-is-layout-flex\">\n<div class=\"wp-block-column is-layout-flow wp-block-column-is-layout-flow\" style=\"flex-basis:100%\">\n<div class=\"wp-block-group\"><div class=\"wp-block-group__inner-container is-layout-flow wp-block-group-is-layout-flow\"><style>.kt-post-loop_f264d9-dd .kadence-post-image{padding-top:0px;padding-right:0px;padding-bottom:0px;padding-left:0px;}.kt-post-loop_f264d9-dd.kb-filter-enabled .kt-post-grid-layout-grid-wrap .kt-post-masonry-item{padding-left:15px;padding-right:15px;}.kt-post-loop_f264d9-dd .kt-post-grid-layout-masonry-wrap{margin-left:-15px;margin-right:-15px;}.kt-post-loop_f264d9-dd.kb-filter-enabled .kt-post-grid-layout-grid-wrap .kt-post-masonry-item{padding-bottom:30px;}.kt-post-loop_f264d9-dd .kt-post-grid-wrap{gap:30px 30px;}.kt-post-loop_f264d9-dd .kt-blocks-post-grid-item{border-top-left-radius:0px;border-top-right-radius:0px;border-bottom-right-radius:0px;border-bottom-left-radius:0px;overflow:hidden;box-shadow:0px 0px 10px 0px rgba(0, 0, 0, 0.05);}.kt-post-loop_f264d9-dd .kt-blocks-post-grid-item .kt-blocks-post-grid-item-inner{padding-top:15px;padding-right:25px;padding-bottom:25px;padding-left:25px;}.kt-post-loop_f264d9-dd .kt-blocks-post-grid-item header{padding-top:0px;padding-right:0px;padding-bottom:10px;padding-left:0px;margin-top:0px;margin-right:0px;margin-bottom:0px;margin-left:0px;}.kt-post-loop_f264d9-dd .kt-blocks-post-grid-item .entry-title{padding-top:5px;padding-right:0px;padding-bottom:10px;padding-left:0px;margin-top:0px;margin-right:0px;margin-bottom:0px;margin-left:0px;font-size:24px;line-height:30px;}.kt-post-loop_f264d9-dd .kt-blocks-post-grid-item .kt-blocks-post-top-meta{line-height:1.5em;}.kt-post-loop_f264d9-dd .entry-content{padding-top:0px;padding-right:0px;padding-bottom:0px;padding-left:0px;margin-top:0px;margin-right:0px;margin-bottom:0px;margin-left:0px;line-height:1.5em;letter-spacing:0px;}.kt-post-loop_f264d9-dd .kt-blocks-post-footer{border-top-width:0px;border-right-width:0px;border-bottom-width:0px;border-left-width:0px;padding-top:0px;padding-right:0px;padding-bottom:0px;padding-left:0px;margin-top:0px;margin-right:0px;margin-bottom:0px;margin-left:0px;font-size:12px;line-height:20px;}.kt-post-loop_f264d9-dd .entry-content:after{height:0px;}.kt-post-loop_f264d9-dd .entry-content .kt-blocks-post-readmore{background-color:var(--global-palette1, #3182CE);border-color:var(--global-palette1, #3182CE);color:#ffffff;padding-top:4px;padding-right:16px;padding-bottom:4px;padding-left:16px;margin-top:20px;margin-right:0px;margin-bottom:0px;margin-left:0px;}.kt-post-loop_f264d9-dd .entry-content .kt-blocks-post-readmore:hover{color:#ffffff;border-color:#555555;background-color:#555555;}.kt-post-loop_f264d9-dd .kb-filter-item{color:var(--global-palette9, #ffffff);background:var(--global-palette1, #3182CE);border-top-width:2px;border-right-width:2px;border-bottom-width:2px;border-left-width:2px;padding-top:6px;padding-right:15px;padding-bottom:5px;padding-left:15px;margin-top:5px;margin-right:10px;margin-bottom:5px;margin-left:0px;}.kt-post-loop_f264d9-dd .kb-filter-item:hover, .kt-post-loop_f264d9-dd .kb-filter-item:focus{background:var(--global-palette2, #2B6CB0);}.kt-post-loop_f264d9-dd .kb-filter-item.is-active{color:var(--global-palette1, #3182CE);background:var(--global-palette9, #ffffff);border-color:var(--global-palette1, #3182CE);}<\/style><div class=\"wp-block-kadence-postgrid kt-blocks-post-loop-block alignnone kt-post-loop_f264d9-dd kt-post-grid-layout-grid kb-filter-enabled\"><div class=\"kb-post-filter-container\"><button class=\"kb-filter-item is-active\" data-filter=\"*\">Alle<\/button><button class=\"kb-filter-item\" data-filter=\".kb-filter-204\">News<\/button><\/div><div class=\"kt-post-grid-layout-grid-wrap kt-post-grid-wrap\" data-columns-xxl=\"3\" data-columns-xl=\"3\" data-columns-md=\"3\" data-columns-sm=\"2\" data-columns-xs=\"1\" data-columns-ss=\"1\"data-item-selector=\".kt-post-masonry-item\" aria-label=\"Post Carousel\"><div class=\"kt-post-masonry-item kb-filter-57 post-4607 post type-post status-publish format-standard has-post-thumbnail hentry category-interviews tag-andreas-schebeler tag-aus-und-weiterbildung tag-berufliche-weiterbildung tag-bildung tag-bildungsinvestitionen tag-digitalisierung-und-bildung tag-fachkraefteentwicklung tag-fuehrungskraefteentwicklung tag-integration-durch-bildung tag-internationaler-tag-der-bildung tag-kompetenzentwicklung tag-lbs-akademie tag-lebenslanges-lernen tag-lernen-im-unternehmen tag-mitarbeiterqualifizierung tag-personalentwicklung tag-tag-der-bildung tag-unternehmenskultur tag-weiterbildung-im-unternehmen tag-wissensmanagement\"><article class=\"kt-blocks-post-grid-item\"><div class=\"kt-blocks-post-grid-item-inner-wrap kt-feat-image-align-top kt-feat-image-mobile-align-top kb-post-footer-bottom-align\"><div class=\"kadence-post-image\"><div class=\"kadence-post-image-intrisic kt-image-ratio-50\" style=\"padding-bottom:50%;\"><div class=\"kadence-post-image-inner-intrisic\"><a aria-hidden=\"true\" tabindex=\"-1\" role=\"presentation\" href=\"https:\/\/www.zukunftsbranche-bahn.de\/en\/interviews\/bildung-ist-das-a-und-o-andreas-schebeler-ueber-den-wert-von-aus-und-weiterbildung\/\" aria-label=\"\u201eBildung ist das A und O\u201c: Andreas Schebeler \u00fcber den Wert von Aus- und Weiterbildung\" class=\"kadence-post-image-inner-wrap\"><img loading=\"lazy\" decoding=\"async\" width=\"600\" height=\"400\" src=\"https:\/\/www.zukunftsbranche-bahn.de\/wp-content\/uploads\/Beitragsbild-Schebeler.jpg\" class=\"attachment-medium_large size-medium_large wp-post-image\" alt=\"\" srcset=\"https:\/\/www.zukunftsbranche-bahn.de\/wp-content\/uploads\/Beitragsbild-Schebeler.jpg 600w, https:\/\/www.zukunftsbranche-bahn.de\/wp-content\/uploads\/Beitragsbild-Schebeler-300x200.jpg 300w\" sizes=\"auto, (max-width: 600px) 100vw, 600px\" \/><\/a><\/div><\/div><\/div><div class=\"kt-blocks-post-grid-item-inner\"><header><h3 class=\"entry-title\"><a href=\"https:\/\/www.zukunftsbranche-bahn.de\/en\/interviews\/bildung-ist-das-a-und-o-andreas-schebeler-ueber-den-wert-von-aus-und-weiterbildung\/\">\u201eBildung ist das A und O\u201c: Andreas Schebeler \u00fcber den Wert von Aus- und Weiterbildung<\/a><\/h3><div class=\"kt-blocks-post-top-meta\"><div class=\"kt-blocks-date\"><time datetime=\"2026-01-29T12:18:39+01:00\" class=\"kt-blocks-post-date\">29. January 2026<\/time><\/div><div class=\"kt-blocks-meta-divider kt-blocks-meta-has-divider\">&#183;<\/div><div class=\"kt-blocks-post-author\"><span class=\"kt-blocks-categories\"><a href=\"https:\/\/www.zukunftsbranche-bahn.de\/category\/interviews\/\" class=\"category-link-interviews\" rel=\"tag\">Interviews<\/a><\/span><\/div><\/div><\/header><div class=\"entry-content\">Anl\u00e4sslich des Internationalen Tags der Bildung macht Andreas Schebeler, Leiter der LBS Akademie, deutlich, warum Aus- und Weiterbildung weit mehr ist als ein Zertifikat. Bildung&#8230;<div class=\"kt-blocks-post-readmore-wrap\"><a class=\"kt-blocks-post-readmore\" href=\"https:\/\/www.zukunftsbranche-bahn.de\/en\/interviews\/bildung-ist-das-a-und-o-andreas-schebeler-ueber-den-wert-von-aus-und-weiterbildung\/\">Weiterlesen<span class=\"screen-reader-text\"> \u201eBildung ist das A und O\u201c: Andreas Schebeler \u00fcber den Wert von Aus- und Weiterbildung<\/span><\/a><\/div><\/div><footer class=\"kt-blocks-post-footer\"><div class=\"kt-blocks-post-footer-left\"><\/div><div class=\"kt-blocks-post-footer-right\"><\/div><\/footer><\/div><\/div><\/article><\/div><div class=\"kt-post-masonry-item kb-filter-200 post-3656 post type-post status-publish format-standard has-post-thumbnail hentry category-nachrichten tag-ausbildung tag-beruf tag-eisenbahn tag-eisenbahn-bundesamt tag-eisenbahnverkehrsunternehmen tag-eisenbahnwesen tag-era tag-evu tag-gesetzgebung tag-karriere tag-lokfuehrer tag-pruefung tag-sicherheit tag-tfv tag-triebfahzeugfuehrer tag-verkehrswende\"><article class=\"kt-blocks-post-grid-item\"><div class=\"kt-blocks-post-grid-item-inner-wrap kt-feat-image-align-top kt-feat-image-mobile-align-top kb-post-footer-bottom-align\"><div class=\"kadence-post-image\"><div class=\"kadence-post-image-intrisic kt-image-ratio-50\" style=\"padding-bottom:50%;\"><div class=\"kadence-post-image-inner-intrisic\"><a aria-hidden=\"true\" tabindex=\"-1\" role=\"presentation\" href=\"https:\/\/www.zukunftsbranche-bahn.de\/en\/nachrichten\/eba-aenderung-bei-ausbildung-und-pruefung-von-triebfahrzeugfuehrern\/\" aria-label=\"EBA: \u00c4nderung bei Ausbildung und Pr\u00fcfung von Triebfahrzeugf\u00fchrern\" class=\"kadence-post-image-inner-wrap\"><img loading=\"lazy\" decoding=\"async\" width=\"600\" height=\"400\" src=\"https:\/\/www.zukunftsbranche-bahn.de\/wp-content\/uploads\/Beitragsbilder_Tfv.jpg\" class=\"attachment-medium_large size-medium_large wp-post-image\" alt=\"\" srcset=\"https:\/\/www.zukunftsbranche-bahn.de\/wp-content\/uploads\/Beitragsbilder_Tfv.jpg 600w, https:\/\/www.zukunftsbranche-bahn.de\/wp-content\/uploads\/Beitragsbilder_Tfv-300x200.jpg 300w\" sizes=\"auto, (max-width: 600px) 100vw, 600px\" \/><\/a><\/div><\/div><\/div><div class=\"kt-blocks-post-grid-item-inner\"><header><h3 class=\"entry-title\"><a href=\"https:\/\/www.zukunftsbranche-bahn.de\/en\/nachrichten\/eba-aenderung-bei-ausbildung-und-pruefung-von-triebfahrzeugfuehrern\/\">EBA: \u00c4nderung bei Ausbildung und Pr\u00fcfung von Triebfahrzeugf\u00fchrern<\/a><\/h3><div class=\"kt-blocks-post-top-meta\"><div class=\"kt-blocks-date\"><time datetime=\"2024-02-07T14:56:11+01:00\" class=\"kt-blocks-post-date\">7. February 2024<\/time><\/div><div class=\"kt-blocks-meta-divider kt-blocks-meta-has-divider\">&#183;<\/div><div class=\"kt-blocks-post-author\"><span class=\"kt-blocks-categories\"><a href=\"https:\/\/www.zukunftsbranche-bahn.de\/category\/nachrichten\/\" class=\"category-link-nachrichten\" rel=\"tag\">Nachrichten<\/a><\/span><\/div><\/div><\/header><div class=\"entry-content\">Mit Jahreswechsel wurden in der Triebfahrzeugf\u00fchrerschein-Verordnung (TfV) \u00c4nderungen vorgenommen, die Auswirkungen auf die Ausbildung von Triebfahrzeugf\u00fchrern haben. Die Regelungen variieren je nach Art der Sicherheitsbescheinigung&#8230;<div class=\"kt-blocks-post-readmore-wrap\"><a class=\"kt-blocks-post-readmore\" href=\"https:\/\/www.zukunftsbranche-bahn.de\/en\/nachrichten\/eba-aenderung-bei-ausbildung-und-pruefung-von-triebfahrzeugfuehrern\/\">Weiterlesen<span class=\"screen-reader-text\"> EBA: \u00c4nderung bei Ausbildung und Pr\u00fcfung von Triebfahrzeugf\u00fchrern<\/span><\/a><\/div><\/div><footer class=\"kt-blocks-post-footer\"><div class=\"kt-blocks-post-footer-left\"><\/div><div class=\"kt-blocks-post-footer-right\"><\/div><\/footer><\/div><\/div><\/article><\/div><div class=\"kt-post-masonry-item kb-filter-57 post-3623 post type-post status-publish format-standard has-post-thumbnail hentry category-interviews tag-eisenbahn tag-fachkraeftemangel tag-hr tag-marketing tag-melanie-kosse tag-mitarbeitergewinnung tag-personal tag-personaldienstleister tag-personalentwicklung tag-quereinstieg tag-zugvoegel\"><article class=\"kt-blocks-post-grid-item\"><div class=\"kt-blocks-post-grid-item-inner-wrap kt-feat-image-align-top kt-feat-image-mobile-align-top kb-post-footer-bottom-align\"><div class=\"kadence-post-image\"><div class=\"kadence-post-image-intrisic kt-image-ratio-50\" style=\"padding-bottom:50%;\"><div class=\"kadence-post-image-inner-intrisic\"><a aria-hidden=\"true\" tabindex=\"-1\" role=\"presentation\" href=\"https:\/\/www.zukunftsbranche-bahn.de\/en\/interviews\/interview-mit-melanie-kosse-nachhaltige-wachstumsstrategie\/\" aria-label=\"Interview mit Melanie Kosse: Nachhaltige Wachstumsstrategie\" class=\"kadence-post-image-inner-wrap\"><img loading=\"lazy\" decoding=\"async\" width=\"600\" height=\"400\" src=\"https:\/\/www.zukunftsbranche-bahn.de\/wp-content\/uploads\/BeitragKosse.jpg\" class=\"attachment-medium_large size-medium_large wp-post-image\" alt=\"\" srcset=\"https:\/\/www.zukunftsbranche-bahn.de\/wp-content\/uploads\/BeitragKosse.jpg 600w, https:\/\/www.zukunftsbranche-bahn.de\/wp-content\/uploads\/BeitragKosse-300x200.jpg 300w\" sizes=\"auto, (max-width: 600px) 100vw, 600px\" \/><\/a><\/div><\/div><\/div><div class=\"kt-blocks-post-grid-item-inner\"><header><h3 class=\"entry-title\"><a href=\"https:\/\/www.zukunftsbranche-bahn.de\/en\/interviews\/interview-mit-melanie-kosse-nachhaltige-wachstumsstrategie\/\">Interview mit Melanie Kosse: Nachhaltige Wachstumsstrategie<\/a><\/h3><div class=\"kt-blocks-post-top-meta\"><div class=\"kt-blocks-date\"><time datetime=\"2024-02-01T13:16:44+01:00\" class=\"kt-blocks-post-date\">1. February 2024<\/time><\/div><div class=\"kt-blocks-meta-divider kt-blocks-meta-has-divider\">&#183;<\/div><div class=\"kt-blocks-post-author\"><span class=\"kt-blocks-categories\"><a href=\"https:\/\/www.zukunftsbranche-bahn.de\/category\/interviews\/\" class=\"category-link-interviews\" rel=\"tag\">Interviews<\/a><\/span><\/div><\/div><\/header><div class=\"entry-content\">Im Interview spricht Melanie Kosse, Mitgr\u00fcnderin und Gesch\u00e4ftsf\u00fchrung von \u201edie zugv\u00f6gel\u201c, nach f\u00fcnf erfolgreichen Jahren am Markt \u00fcber ihren unkonventionellen Weg in die Bahnbranche, den&#8230;<div class=\"kt-blocks-post-readmore-wrap\"><a class=\"kt-blocks-post-readmore\" href=\"https:\/\/www.zukunftsbranche-bahn.de\/en\/interviews\/interview-mit-melanie-kosse-nachhaltige-wachstumsstrategie\/\">Weiterlesen<span class=\"screen-reader-text\"> Interview mit Melanie Kosse: Nachhaltige Wachstumsstrategie<\/span><\/a><\/div><\/div><footer class=\"kt-blocks-post-footer\"><div class=\"kt-blocks-post-footer-left\"><\/div><div class=\"kt-blocks-post-footer-right\"><\/div><\/footer><\/div><\/div><\/article><\/div><div class=\"kt-post-masonry-item kb-filter-55 post-100 post type-post status-publish format-standard has-post-thumbnail hentry category-bewerbungstipps\"><article class=\"kt-blocks-post-grid-item\"><div class=\"kt-blocks-post-grid-item-inner-wrap kt-feat-image-align-top kt-feat-image-mobile-align-top kb-post-footer-bottom-align\"><div class=\"kadence-post-image\"><div class=\"kadence-post-image-intrisic kt-image-ratio-50\" style=\"padding-bottom:50%;\"><div class=\"kadence-post-image-inner-intrisic\"><a aria-hidden=\"true\" tabindex=\"-1\" role=\"presentation\" href=\"https:\/\/www.zukunftsbranche-bahn.de\/en\/bewerbungstipps\/form-folgt-funktion\/\" aria-label=\"Form folgt Funktion\" class=\"kadence-post-image-inner-wrap\"><img loading=\"lazy\" decoding=\"async\" width=\"768\" height=\"512\" src=\"https:\/\/www.zukunftsbranche-bahn.de\/wp-content\/uploads\/Form-folgt-Funktion-768x512.jpg\" class=\"attachment-medium_large size-medium_large wp-post-image\" alt=\"\" srcset=\"https:\/\/www.zukunftsbranche-bahn.de\/wp-content\/uploads\/Form-folgt-Funktion-768x512.jpg 768w, https:\/\/www.zukunftsbranche-bahn.de\/wp-content\/uploads\/Form-folgt-Funktion-300x200.jpg 300w, https:\/\/www.zukunftsbranche-bahn.de\/wp-content\/uploads\/Form-folgt-Funktion-1024x683.jpg 1024w, https:\/\/www.zukunftsbranche-bahn.de\/wp-content\/uploads\/Form-folgt-Funktion-1536x1024.jpg 1536w, https:\/\/www.zukunftsbranche-bahn.de\/wp-content\/uploads\/Form-folgt-Funktion.jpg 1920w\" sizes=\"auto, (max-width: 768px) 100vw, 768px\" \/><\/a><\/div><\/div><\/div><div class=\"kt-blocks-post-grid-item-inner\"><header><h3 class=\"entry-title\"><a href=\"https:\/\/www.zukunftsbranche-bahn.de\/en\/bewerbungstipps\/form-folgt-funktion\/\">Form folgt Funktion<\/a><\/h3><div class=\"kt-blocks-post-top-meta\"><div class=\"kt-blocks-date\"><time datetime=\"2023-05-17T14:00:50+02:00\" class=\"kt-blocks-post-date\">17. May 2023<\/time><\/div><div class=\"kt-blocks-meta-divider kt-blocks-meta-has-divider\">&#183;<\/div><div class=\"kt-blocks-post-author\"><span class=\"kt-blocks-categories\"><a href=\"https:\/\/www.zukunftsbranche-bahn.de\/category\/bewerbungstipps\/\" class=\"category-link-bewerbungstipps\" rel=\"tag\">Bewerbungstipps<\/a><\/span><\/div><\/div><\/header><div class=\"entry-content\">Bewerbungsformen Ihr Messeauftritt war erfolgreich und Sie haben sich einen \u00dcberblick verschafft, welche Unternehmen Sie interessieren? Wissen sogar ganz konkret, auf welche Positionen Sie sich&#8230;<div class=\"kt-blocks-post-readmore-wrap\"><a class=\"kt-blocks-post-readmore\" href=\"https:\/\/www.zukunftsbranche-bahn.de\/en\/bewerbungstipps\/form-folgt-funktion\/\">Weiterlesen<span class=\"screen-reader-text\"> Form folgt Funktion<\/span><\/a><\/div><\/div><footer class=\"kt-blocks-post-footer\"><div class=\"kt-blocks-post-footer-left\"><\/div><div class=\"kt-blocks-post-footer-right\"><\/div><\/footer><\/div><\/div><\/article><\/div><div class=\"kt-post-masonry-item kb-filter-55 post-107 post type-post status-publish format-standard has-post-thumbnail hentry category-bewerbungstipps\"><article class=\"kt-blocks-post-grid-item\"><div class=\"kt-blocks-post-grid-item-inner-wrap kt-feat-image-align-top kt-feat-image-mobile-align-top kb-post-footer-bottom-align\"><div class=\"kadence-post-image\"><div class=\"kadence-post-image-intrisic kt-image-ratio-50\" style=\"padding-bottom:50%;\"><div class=\"kadence-post-image-inner-intrisic\"><a aria-hidden=\"true\" tabindex=\"-1\" role=\"presentation\" href=\"https:\/\/www.zukunftsbranche-bahn.de\/en\/bewerbungstipps\/motivation-auf-dem-punkt\/\" aria-label=\"Motivation auf dem Punkt\" class=\"kadence-post-image-inner-wrap\"><img loading=\"lazy\" decoding=\"async\" width=\"768\" height=\"512\" src=\"https:\/\/www.zukunftsbranche-bahn.de\/wp-content\/uploads\/Motivation-auf-dem-Punkt-768x512.jpg\" class=\"attachment-medium_large size-medium_large wp-post-image\" alt=\"\" srcset=\"https:\/\/www.zukunftsbranche-bahn.de\/wp-content\/uploads\/Motivation-auf-dem-Punkt-768x512.jpg 768w, https:\/\/www.zukunftsbranche-bahn.de\/wp-content\/uploads\/Motivation-auf-dem-Punkt-300x200.jpg 300w, https:\/\/www.zukunftsbranche-bahn.de\/wp-content\/uploads\/Motivation-auf-dem-Punkt-1024x683.jpg 1024w, https:\/\/www.zukunftsbranche-bahn.de\/wp-content\/uploads\/Motivation-auf-dem-Punkt-1536x1024.jpg 1536w, https:\/\/www.zukunftsbranche-bahn.de\/wp-content\/uploads\/Motivation-auf-dem-Punkt.jpg 1920w\" sizes=\"auto, (max-width: 768px) 100vw, 768px\" \/><\/a><\/div><\/div><\/div><div class=\"kt-blocks-post-grid-item-inner\"><header><h3 class=\"entry-title\"><a href=\"https:\/\/www.zukunftsbranche-bahn.de\/en\/bewerbungstipps\/motivation-auf-dem-punkt\/\">Motivation auf dem Punkt<\/a><\/h3><div class=\"kt-blocks-post-top-meta\"><div class=\"kt-blocks-date\"><time datetime=\"2023-05-17T14:00:44+02:00\" class=\"kt-blocks-post-date\">17. May 2023<\/time><\/div><div class=\"kt-blocks-meta-divider kt-blocks-meta-has-divider\">&#183;<\/div><div class=\"kt-blocks-post-author\"><span class=\"kt-blocks-categories\"><a href=\"https:\/\/www.zukunftsbranche-bahn.de\/category\/bewerbungstipps\/\" class=\"category-link-bewerbungstipps\" rel=\"tag\">Bewerbungstipps<\/a><\/span><\/div><\/div><\/header><div class=\"entry-content\">Das Anschreiben Das Anschreiben spielt f\u00fcr die Kandidatenauswahl ebenfalls eine Rolle, wenn auch eine untergeordnete. Wenn Sie hier gut formulieren, glaubw\u00fcrdige Gr\u00fcnde liefern, weshalb Sie&#8230;<div class=\"kt-blocks-post-readmore-wrap\"><a class=\"kt-blocks-post-readmore\" href=\"https:\/\/www.zukunftsbranche-bahn.de\/en\/bewerbungstipps\/motivation-auf-dem-punkt\/\">Weiterlesen<span class=\"screen-reader-text\"> Motivation auf dem Punkt<\/span><\/a><\/div><\/div><footer class=\"kt-blocks-post-footer\"><div class=\"kt-blocks-post-footer-left\"><\/div><div class=\"kt-blocks-post-footer-right\"><\/div><\/footer><\/div><\/div><\/article><\/div><div class=\"kt-post-masonry-item kb-filter-55 post-109 post type-post status-publish format-standard has-post-thumbnail hentry category-bewerbungstipps\"><article class=\"kt-blocks-post-grid-item\"><div class=\"kt-blocks-post-grid-item-inner-wrap kt-feat-image-align-top kt-feat-image-mobile-align-top kb-post-footer-bottom-align\"><div class=\"kadence-post-image\"><div class=\"kadence-post-image-intrisic kt-image-ratio-50\" style=\"padding-bottom:50%;\"><div class=\"kadence-post-image-inner-intrisic\"><a aria-hidden=\"true\" tabindex=\"-1\" role=\"presentation\" href=\"https:\/\/www.zukunftsbranche-bahn.de\/en\/bewerbungstipps\/mit-persoenlichkeit-punkten\/\" aria-label=\"Mit Pers\u00f6nlichkeit punkten\" class=\"kadence-post-image-inner-wrap\"><img loading=\"lazy\" decoding=\"async\" width=\"768\" height=\"512\" src=\"https:\/\/www.zukunftsbranche-bahn.de\/wp-content\/uploads\/Mit-Perso\u0308nlichkeit-punkten-768x512.jpg\" class=\"attachment-medium_large size-medium_large wp-post-image\" alt=\"\" srcset=\"https:\/\/www.zukunftsbranche-bahn.de\/wp-content\/uploads\/Mit-Perso\u0308nlichkeit-punkten-768x512.jpg 768w, https:\/\/www.zukunftsbranche-bahn.de\/wp-content\/uploads\/Mit-Perso\u0308nlichkeit-punkten-300x200.jpg 300w, https:\/\/www.zukunftsbranche-bahn.de\/wp-content\/uploads\/Mit-Perso\u0308nlichkeit-punkten-1024x683.jpg 1024w, https:\/\/www.zukunftsbranche-bahn.de\/wp-content\/uploads\/Mit-Perso\u0308nlichkeit-punkten-1536x1024.jpg 1536w, https:\/\/www.zukunftsbranche-bahn.de\/wp-content\/uploads\/Mit-Perso\u0308nlichkeit-punkten.jpg 1920w\" sizes=\"auto, (max-width: 768px) 100vw, 768px\" \/><\/a><\/div><\/div><\/div><div class=\"kt-blocks-post-grid-item-inner\"><header><h3 class=\"entry-title\"><a href=\"https:\/\/www.zukunftsbranche-bahn.de\/en\/bewerbungstipps\/mit-persoenlichkeit-punkten\/\">Mit Pers\u00f6nlichkeit punkten<\/a><\/h3><div class=\"kt-blocks-post-top-meta\"><div class=\"kt-blocks-date\"><time datetime=\"2023-05-17T14:00:23+02:00\" class=\"kt-blocks-post-date\">17. May 2023<\/time><\/div><div class=\"kt-blocks-meta-divider kt-blocks-meta-has-divider\">&#183;<\/div><div class=\"kt-blocks-post-author\"><span class=\"kt-blocks-categories\"><a href=\"https:\/\/www.zukunftsbranche-bahn.de\/category\/bewerbungstipps\/\" class=\"category-link-bewerbungstipps\" rel=\"tag\">Bewerbungstipps<\/a><\/span><\/div><\/div><\/header><div class=\"entry-content\">Das Vorstellungsgespr\u00e4ch Eine Einladung zum Vorstellungsgespr\u00e4ch ist immer ein Grund zur Freude. Denn sie bedeutet, dass Ihre Bewerbung \u00fcberzeugend war und das Unternehmen Sie gerne&#8230;<div class=\"kt-blocks-post-readmore-wrap\"><a class=\"kt-blocks-post-readmore\" href=\"https:\/\/www.zukunftsbranche-bahn.de\/en\/bewerbungstipps\/mit-persoenlichkeit-punkten\/\">Weiterlesen<span class=\"screen-reader-text\"> Mit Pers\u00f6nlichkeit punkten<\/span><\/a><\/div><\/div><footer class=\"kt-blocks-post-footer\"><div class=\"kt-blocks-post-footer-left\"><\/div><div class=\"kt-blocks-post-footer-right\"><\/div><\/footer><\/div><\/div><\/article><\/div><div class=\"kt-post-masonry-item kb-filter-55 post-104 post type-post status-publish format-standard has-post-thumbnail hentry category-bewerbungstipps\"><article class=\"kt-blocks-post-grid-item\"><div class=\"kt-blocks-post-grid-item-inner-wrap kt-feat-image-align-top kt-feat-image-mobile-align-top kb-post-footer-bottom-align\"><div class=\"kadence-post-image\"><div class=\"kadence-post-image-intrisic kt-image-ratio-50\" style=\"padding-bottom:50%;\"><div class=\"kadence-post-image-inner-intrisic\"><a aria-hidden=\"true\" tabindex=\"-1\" role=\"presentation\" href=\"https:\/\/www.zukunftsbranche-bahn.de\/en\/bewerbungstipps\/uebersicht-bewahren\/\" aria-label=\"\u00dcbersicht bewahren\" class=\"kadence-post-image-inner-wrap\"><img loading=\"lazy\" decoding=\"async\" width=\"768\" height=\"512\" src=\"https:\/\/www.zukunftsbranche-bahn.de\/wp-content\/uploads\/U\u0308bersicht-bewahren-768x512.jpg\" class=\"attachment-medium_large size-medium_large wp-post-image\" alt=\"\" srcset=\"https:\/\/www.zukunftsbranche-bahn.de\/wp-content\/uploads\/U\u0308bersicht-bewahren-768x512.jpg 768w, https:\/\/www.zukunftsbranche-bahn.de\/wp-content\/uploads\/U\u0308bersicht-bewahren-300x200.jpg 300w, https:\/\/www.zukunftsbranche-bahn.de\/wp-content\/uploads\/U\u0308bersicht-bewahren-1024x683.jpg 1024w, https:\/\/www.zukunftsbranche-bahn.de\/wp-content\/uploads\/U\u0308bersicht-bewahren-1536x1024.jpg 1536w, https:\/\/www.zukunftsbranche-bahn.de\/wp-content\/uploads\/U\u0308bersicht-bewahren.jpg 1920w\" sizes=\"auto, (max-width: 768px) 100vw, 768px\" \/><\/a><\/div><\/div><\/div><div class=\"kt-blocks-post-grid-item-inner\"><header><h3 class=\"entry-title\"><a href=\"https:\/\/www.zukunftsbranche-bahn.de\/en\/bewerbungstipps\/uebersicht-bewahren\/\">\u00dcbersicht bewahren<\/a><\/h3><div class=\"kt-blocks-post-top-meta\"><div class=\"kt-blocks-date\"><time datetime=\"2023-05-17T14:00:21+02:00\" class=\"kt-blocks-post-date\">17. May 2023<\/time><\/div><div class=\"kt-blocks-meta-divider kt-blocks-meta-has-divider\">&#183;<\/div><div class=\"kt-blocks-post-author\"><span class=\"kt-blocks-categories\"><a href=\"https:\/\/www.zukunftsbranche-bahn.de\/category\/bewerbungstipps\/\" class=\"category-link-bewerbungstipps\" rel=\"tag\">Bewerbungstipps<\/a><\/span><\/div><\/div><\/header><div class=\"entry-content\">Der Lebenslauf Was die wenigsten wissen: Der Lebenslauf ist das bedeutendste Dokument Ihrer Bewerbung, denn er liefert die entscheidenden \u201eEinladungsargumente\u201c. Die wichtigsten Informationen \u00fcber Sie,&#8230;<div class=\"kt-blocks-post-readmore-wrap\"><a class=\"kt-blocks-post-readmore\" href=\"https:\/\/www.zukunftsbranche-bahn.de\/en\/bewerbungstipps\/uebersicht-bewahren\/\">Weiterlesen<span class=\"screen-reader-text\"> \u00dcbersicht bewahren<\/span><\/a><\/div><\/div><footer class=\"kt-blocks-post-footer\"><div class=\"kt-blocks-post-footer-left\"><\/div><div class=\"kt-blocks-post-footer-right\"><\/div><\/footer><\/div><\/div><\/article><\/div><div class=\"kt-post-masonry-item kb-filter-55 post-95 post type-post status-publish format-standard has-post-thumbnail hentry category-bewerbungstipps\"><article class=\"kt-blocks-post-grid-item\"><div class=\"kt-blocks-post-grid-item-inner-wrap kt-feat-image-align-top kt-feat-image-mobile-align-top kb-post-footer-bottom-align\"><div class=\"kadence-post-image\"><div class=\"kadence-post-image-intrisic kt-image-ratio-50\" style=\"padding-bottom:50%;\"><div class=\"kadence-post-image-inner-intrisic\"><a aria-hidden=\"true\" tabindex=\"-1\" role=\"presentation\" href=\"https:\/\/www.zukunftsbranche-bahn.de\/en\/bewerbungstipps\/die-karriere-online-vorantreiben\/\" aria-label=\"Die Karriere online vorantreiben\" class=\"kadence-post-image-inner-wrap\"><img loading=\"lazy\" decoding=\"async\" width=\"768\" height=\"512\" src=\"https:\/\/www.zukunftsbranche-bahn.de\/wp-content\/uploads\/Die-Karriere-online-vorantreiben-768x512.jpg\" class=\"attachment-medium_large size-medium_large wp-post-image\" alt=\"\" srcset=\"https:\/\/www.zukunftsbranche-bahn.de\/wp-content\/uploads\/Die-Karriere-online-vorantreiben-768x512.jpg 768w, https:\/\/www.zukunftsbranche-bahn.de\/wp-content\/uploads\/Die-Karriere-online-vorantreiben-300x200.jpg 300w, https:\/\/www.zukunftsbranche-bahn.de\/wp-content\/uploads\/Die-Karriere-online-vorantreiben-1024x683.jpg 1024w, https:\/\/www.zukunftsbranche-bahn.de\/wp-content\/uploads\/Die-Karriere-online-vorantreiben-1536x1024.jpg 1536w, https:\/\/www.zukunftsbranche-bahn.de\/wp-content\/uploads\/Die-Karriere-online-vorantreiben.jpg 1920w\" sizes=\"auto, (max-width: 768px) 100vw, 768px\" \/><\/a><\/div><\/div><\/div><div class=\"kt-blocks-post-grid-item-inner\"><header><h3 class=\"entry-title\"><a href=\"https:\/\/www.zukunftsbranche-bahn.de\/en\/bewerbungstipps\/die-karriere-online-vorantreiben\/\">Die Karriere online vorantreiben<\/a><\/h3><div class=\"kt-blocks-post-top-meta\"><div class=\"kt-blocks-date\"><time datetime=\"2023-05-17T14:00:02+02:00\" class=\"kt-blocks-post-date\">17. May 2023<\/time><\/div><div class=\"kt-blocks-meta-divider kt-blocks-meta-has-divider\">&#183;<\/div><div class=\"kt-blocks-post-author\"><span class=\"kt-blocks-categories\"><a href=\"https:\/\/www.zukunftsbranche-bahn.de\/category\/bewerbungstipps\/\" class=\"category-link-bewerbungstipps\" rel=\"tag\">Bewerbungstipps<\/a><\/span><\/div><\/div><\/header><div class=\"entry-content\">Business Communities Das Internet bietet vielf\u00e4ltige M\u00f6glichkeiten, um die eigene Karriere positiv zu beeinflussen. Sie k\u00f6nnen hier sehr unkompliziert nach interessanten Stellenangeboten suchen, aber auch&#8230;<div class=\"kt-blocks-post-readmore-wrap\"><a class=\"kt-blocks-post-readmore\" href=\"https:\/\/www.zukunftsbranche-bahn.de\/en\/bewerbungstipps\/die-karriere-online-vorantreiben\/\">Weiterlesen<span class=\"screen-reader-text\"> Die Karriere online vorantreiben<\/span><\/a><\/div><\/div><footer class=\"kt-blocks-post-footer\"><div class=\"kt-blocks-post-footer-left\"><\/div><div class=\"kt-blocks-post-footer-right\"><\/div><\/footer><\/div><\/div><\/article><\/div><div class=\"kt-post-masonry-item kb-filter-55 post-98 post type-post status-publish format-standard has-post-thumbnail hentry category-bewerbungstipps\"><article class=\"kt-blocks-post-grid-item\"><div class=\"kt-blocks-post-grid-item-inner-wrap kt-feat-image-align-top kt-feat-image-mobile-align-top kb-post-footer-bottom-align\"><div class=\"kadence-post-image\"><div class=\"kadence-post-image-intrisic kt-image-ratio-50\" style=\"padding-bottom:50%;\"><div class=\"kadence-post-image-inner-intrisic\"><a aria-hidden=\"true\" tabindex=\"-1\" role=\"presentation\" href=\"https:\/\/www.zukunftsbranche-bahn.de\/en\/bewerbungstipps\/die-jobmesse\/\" aria-label=\"Eintrittskarte zur Karriere\" class=\"kadence-post-image-inner-wrap\"><img loading=\"lazy\" decoding=\"async\" width=\"768\" height=\"512\" src=\"https:\/\/www.zukunftsbranche-bahn.de\/wp-content\/uploads\/Eintrittskarte-zur-Karriere-768x512.jpg\" class=\"attachment-medium_large size-medium_large wp-post-image\" alt=\"\" srcset=\"https:\/\/www.zukunftsbranche-bahn.de\/wp-content\/uploads\/Eintrittskarte-zur-Karriere-768x512.jpg 768w, https:\/\/www.zukunftsbranche-bahn.de\/wp-content\/uploads\/Eintrittskarte-zur-Karriere-300x200.jpg 300w, https:\/\/www.zukunftsbranche-bahn.de\/wp-content\/uploads\/Eintrittskarte-zur-Karriere-1024x683.jpg 1024w, https:\/\/www.zukunftsbranche-bahn.de\/wp-content\/uploads\/Eintrittskarte-zur-Karriere-1536x1024.jpg 1536w, https:\/\/www.zukunftsbranche-bahn.de\/wp-content\/uploads\/Eintrittskarte-zur-Karriere.jpg 1920w\" sizes=\"auto, (max-width: 768px) 100vw, 768px\" \/><\/a><\/div><\/div><\/div><div class=\"kt-blocks-post-grid-item-inner\"><header><h3 class=\"entry-title\"><a href=\"https:\/\/www.zukunftsbranche-bahn.de\/en\/bewerbungstipps\/die-jobmesse\/\">Eintrittskarte zur Karriere<\/a><\/h3><div class=\"kt-blocks-post-top-meta\"><div class=\"kt-blocks-date\"><time datetime=\"2023-05-17T14:00:01+02:00\" class=\"kt-blocks-post-date\">17. May 2023<\/time><\/div><div class=\"kt-blocks-meta-divider kt-blocks-meta-has-divider\">&#183;<\/div><div class=\"kt-blocks-post-author\"><span class=\"kt-blocks-categories\"><a href=\"https:\/\/www.zukunftsbranche-bahn.de\/category\/bewerbungstipps\/\" class=\"category-link-bewerbungstipps\" rel=\"tag\">Bewerbungstipps<\/a><\/span><\/div><\/div><\/header><div class=\"entry-content\">Die Jobmesse Firmenkontaktmessen sind das ideale Terrain f\u00fcr Berufseinsteiger, um sich \u00fcber Arbeitsfelder und Jobperspektiven zu informieren und schon auf erste Tuchf\u00fchlung mit dem Wunscharbeitgeber&#8230;<div class=\"kt-blocks-post-readmore-wrap\"><a class=\"kt-blocks-post-readmore\" href=\"https:\/\/www.zukunftsbranche-bahn.de\/en\/bewerbungstipps\/die-jobmesse\/\">Weiterlesen<span class=\"screen-reader-text\"> Eintrittskarte zur Karriere<\/span><\/a><\/div><\/div><footer class=\"kt-blocks-post-footer\"><div class=\"kt-blocks-post-footer-left\"><\/div><div class=\"kt-blocks-post-footer-right\"><\/div><\/footer><\/div><\/div><\/article><\/div><div class=\"kt-post-masonry-item kb-filter-55 post-114 post type-post status-publish format-standard has-post-thumbnail hentry category-bewerbungstipps\"><article class=\"kt-blocks-post-grid-item\"><div class=\"kt-blocks-post-grid-item-inner-wrap kt-feat-image-align-top kt-feat-image-mobile-align-top kb-post-footer-bottom-align\"><div class=\"kadence-post-image\"><div class=\"kadence-post-image-intrisic kt-image-ratio-50\" style=\"padding-bottom:50%;\"><div class=\"kadence-post-image-inner-intrisic\"><a aria-hidden=\"true\" tabindex=\"-1\" role=\"presentation\" href=\"https:\/\/www.zukunftsbranche-bahn.de\/en\/bewerbungstipps\/mit-guten-argumenten-zum-gewuenschten-gehalt\/\" aria-label=\"Mit guten Argumenten zum gew\u00fcnschten Gehalt\" class=\"kadence-post-image-inner-wrap\"><img loading=\"lazy\" decoding=\"async\" width=\"768\" height=\"512\" src=\"https:\/\/www.zukunftsbranche-bahn.de\/wp-content\/uploads\/artikel-gehalt-768x512.jpg\" class=\"attachment-medium_large size-medium_large wp-post-image\" alt=\"\" srcset=\"https:\/\/www.zukunftsbranche-bahn.de\/wp-content\/uploads\/artikel-gehalt-768x512.jpg 768w, https:\/\/www.zukunftsbranche-bahn.de\/wp-content\/uploads\/artikel-gehalt-300x200.jpg 300w, https:\/\/www.zukunftsbranche-bahn.de\/wp-content\/uploads\/artikel-gehalt-1024x683.jpg 1024w, https:\/\/www.zukunftsbranche-bahn.de\/wp-content\/uploads\/artikel-gehalt-1536x1024.jpg 1536w, https:\/\/www.zukunftsbranche-bahn.de\/wp-content\/uploads\/artikel-gehalt.jpg 1920w\" sizes=\"auto, (max-width: 768px) 100vw, 768px\" \/><\/a><\/div><\/div><\/div><div class=\"kt-blocks-post-grid-item-inner\"><header><h3 class=\"entry-title\"><a href=\"https:\/\/www.zukunftsbranche-bahn.de\/en\/bewerbungstipps\/mit-guten-argumenten-zum-gewuenschten-gehalt\/\">Mit guten Argumenten zum gew\u00fcnschten Gehalt<\/a><\/h3><div class=\"kt-blocks-post-top-meta\"><div class=\"kt-blocks-date\"><time datetime=\"2023-05-17T14:00:00+02:00\" class=\"kt-blocks-post-date\">17. May 2023<\/time><\/div><div class=\"kt-blocks-meta-divider kt-blocks-meta-has-divider\">&#183;<\/div><div class=\"kt-blocks-post-author\"><span class=\"kt-blocks-categories\"><a href=\"https:\/\/www.zukunftsbranche-bahn.de\/category\/bewerbungstipps\/\" class=\"category-link-bewerbungstipps\" rel=\"tag\">Bewerbungstipps<\/a><\/span><\/div><\/div><\/header><div class=\"entry-content\">Die Gehaltsverhandlung Gehaltsverhandlungen zu f\u00fchren f\u00e4llt vielen Arbeitnehmern immer noch schwer \u2013 gerade am Anfang der Karriere, wenn sie noch kein Gef\u00fchl f\u00fcr den Wert&#8230;<div class=\"kt-blocks-post-readmore-wrap\"><a class=\"kt-blocks-post-readmore\" href=\"https:\/\/www.zukunftsbranche-bahn.de\/en\/bewerbungstipps\/mit-guten-argumenten-zum-gewuenschten-gehalt\/\">Weiterlesen<span class=\"screen-reader-text\"> Mit guten Argumenten zum gew\u00fcnschten Gehalt<\/span><\/a><\/div><\/div><footer class=\"kt-blocks-post-footer\"><div class=\"kt-blocks-post-footer-left\"><\/div><div class=\"kt-blocks-post-footer-right\"><\/div><\/footer><\/div><\/div><\/article><\/div><div class=\"kt-post-masonry-item kb-filter-204 post-2706 post type-post status-publish format-standard has-post-thumbnail hentry category-news\"><article class=\"kt-blocks-post-grid-item\"><div class=\"kt-blocks-post-grid-item-inner-wrap kt-feat-image-align-top kt-feat-image-mobile-align-top kb-post-footer-bottom-align\"><div class=\"kadence-post-image\"><div class=\"kadence-post-image-intrisic kt-image-ratio-50\" style=\"padding-bottom:50%;\"><div class=\"kadence-post-image-inner-intrisic\"><a aria-hidden=\"true\" tabindex=\"-1\" role=\"presentation\" href=\"https:\/\/www.zukunftsbranche-bahn.de\/en\/news\/federal-governments-skilled-labour-strategy-for-strong-rail-overdue\/\" aria-label=\"Federal government&#8217;s skilled labour strategy for &#8220;Strong Rail&#8221; overdue\" class=\"kadence-post-image-inner-wrap\"><img loading=\"lazy\" decoding=\"async\" width=\"600\" height=\"400\" src=\"https:\/\/www.zukunftsbranche-bahn.de\/wp-content\/uploads\/Beitrag-dbbild.jpg\" class=\"attachment-medium_large size-medium_large wp-post-image\" alt=\"\" srcset=\"https:\/\/www.zukunftsbranche-bahn.de\/wp-content\/uploads\/Beitrag-dbbild.jpg 600w, https:\/\/www.zukunftsbranche-bahn.de\/wp-content\/uploads\/Beitrag-dbbild-300x200.jpg 300w\" sizes=\"auto, (max-width: 600px) 100vw, 600px\" \/><\/a><\/div><\/div><\/div><div class=\"kt-blocks-post-grid-item-inner\"><header><h3 class=\"entry-title\"><a href=\"https:\/\/www.zukunftsbranche-bahn.de\/en\/news\/federal-governments-skilled-labour-strategy-for-strong-rail-overdue\/\">Federal government&#8217;s skilled labour strategy for &#8220;Strong Rail&#8221; overdue<\/a><\/h3><div class=\"kt-blocks-post-top-meta\"><div class=\"kt-blocks-date\"><time datetime=\"2022-09-16T10:24:50+02:00\" class=\"kt-blocks-post-date\">16. September 2022<\/time><\/div><div class=\"kt-blocks-meta-divider kt-blocks-meta-has-divider\">&#183;<\/div><div class=\"kt-blocks-post-author\"><span class=\"kt-blocks-categories\"><a href=\"https:\/\/www.zukunftsbranche-bahn.de\/en\/category\/news\/\" class=\"category-link-news\" rel=\"tag\">News<\/a><\/span><\/div><\/div><\/header><div class=\"entry-content\">The federal government has set clear transport policy goals for the future: doubling transport performance by 2030 and increasing the share of rail freight transport&#8230;<div class=\"kt-blocks-post-readmore-wrap\"><a class=\"kt-blocks-post-readmore\" href=\"https:\/\/www.zukunftsbranche-bahn.de\/en\/news\/federal-governments-skilled-labour-strategy-for-strong-rail-overdue\/\">Weiterlesen<span class=\"screen-reader-text\"> Federal government&#8217;s skilled labour strategy for &#8220;Strong Rail&#8221; overdue<\/span><\/a><\/div><\/div><footer class=\"kt-blocks-post-footer\"><div class=\"kt-blocks-post-footer-left\"><\/div><div class=\"kt-blocks-post-footer-right\"><\/div><\/footer><\/div><\/div><\/article><\/div><div class=\"kt-post-masonry-item kb-filter-200 post-2022 post type-post status-publish format-standard has-post-thumbnail hentry category-nachrichten\"><article class=\"kt-blocks-post-grid-item\"><div class=\"kt-blocks-post-grid-item-inner-wrap kt-feat-image-align-top kt-feat-image-mobile-align-top kb-post-footer-bottom-align\"><div class=\"kadence-post-image\"><div class=\"kadence-post-image-intrisic kt-image-ratio-50\" style=\"padding-bottom:50%;\"><div class=\"kadence-post-image-inner-intrisic\"><a aria-hidden=\"true\" tabindex=\"-1\" role=\"presentation\" href=\"https:\/\/www.zukunftsbranche-bahn.de\/en\/nachrichten\/reform-der-eisenbahner-ausbildung\/\" aria-label=\"Reform der Eisenbahner-Ausbildung\" class=\"kadence-post-image-inner-wrap\"><img loading=\"lazy\" decoding=\"async\" width=\"600\" height=\"400\" src=\"https:\/\/www.zukunftsbranche-bahn.de\/wp-content\/uploads\/bdb2.jpg\" class=\"attachment-medium_large size-medium_large wp-post-image\" alt=\"\" srcset=\"https:\/\/www.zukunftsbranche-bahn.de\/wp-content\/uploads\/bdb2.jpg 600w, https:\/\/www.zukunftsbranche-bahn.de\/wp-content\/uploads\/bdb2-300x200.jpg 300w\" sizes=\"auto, (max-width: 600px) 100vw, 600px\" \/><\/a><\/div><\/div><\/div><div class=\"kt-blocks-post-grid-item-inner\"><header><h3 class=\"entry-title\"><a href=\"https:\/\/www.zukunftsbranche-bahn.de\/en\/nachrichten\/reform-der-eisenbahner-ausbildung\/\">Reform der Eisenbahner-Ausbildung<\/a><\/h3><div class=\"kt-blocks-post-top-meta\"><div class=\"kt-blocks-date\"><time datetime=\"2022-03-29T11:59:52+02:00\" class=\"kt-blocks-post-date\">29. March 2022<\/time><\/div><div class=\"kt-blocks-meta-divider kt-blocks-meta-has-divider\">&#183;<\/div><div class=\"kt-blocks-post-author\"><span class=\"kt-blocks-categories\"><a href=\"https:\/\/www.zukunftsbranche-bahn.de\/category\/nachrichten\/\" class=\"category-link-nachrichten\" rel=\"tag\">Nachrichten<\/a><\/span><\/div><\/div><\/header><div class=\"entry-content\">Der Ausbildungs-Beruf des Eisenbahners im Betriebsdienst (m, w, d) wird reformiert. Die entsprechende Verordnung wurde k\u00fcrzlich im Bundesgesetzblatt ver\u00f6ffentlicht. Zum August 2022 hin beginnt damit&#8230;<div class=\"kt-blocks-post-readmore-wrap\"><a class=\"kt-blocks-post-readmore\" href=\"https:\/\/www.zukunftsbranche-bahn.de\/en\/nachrichten\/reform-der-eisenbahner-ausbildung\/\">Weiterlesen<span class=\"screen-reader-text\"> Reform der Eisenbahner-Ausbildung<\/span><\/a><\/div><\/div><footer class=\"kt-blocks-post-footer\"><div class=\"kt-blocks-post-footer-left\"><\/div><div class=\"kt-blocks-post-footer-right\"><\/div><\/footer><\/div><\/div><\/article><\/div><div class=\"kt-post-masonry-item kb-filter-200 post-2001 post type-post status-publish format-standard has-post-thumbnail hentry category-nachrichten\"><article class=\"kt-blocks-post-grid-item\"><div class=\"kt-blocks-post-grid-item-inner-wrap kt-feat-image-align-top kt-feat-image-mobile-align-top kb-post-footer-bottom-align\"><div class=\"kadence-post-image\"><div class=\"kadence-post-image-intrisic kt-image-ratio-50\" style=\"padding-bottom:50%;\"><div class=\"kadence-post-image-inner-intrisic\"><a aria-hidden=\"true\" tabindex=\"-1\" role=\"presentation\" href=\"https:\/\/www.zukunftsbranche-bahn.de\/en\/nachrichten\/bahnbranche-sichert-halbe-million-arbeitsplaetze\/\" aria-label=\"Bahnbranche sichert halbe Million Arbeitspl\u00e4tze\" class=\"kadence-post-image-inner-wrap\"><img loading=\"lazy\" decoding=\"async\" width=\"600\" height=\"400\" src=\"https:\/\/www.zukunftsbranche-bahn.de\/wp-content\/uploads\/Graf.jpg\" class=\"attachment-medium_large size-medium_large wp-post-image\" alt=\"\" srcset=\"https:\/\/www.zukunftsbranche-bahn.de\/wp-content\/uploads\/Graf.jpg 600w, https:\/\/www.zukunftsbranche-bahn.de\/wp-content\/uploads\/Graf-300x200.jpg 300w\" sizes=\"auto, (max-width: 600px) 100vw, 600px\" \/><\/a><\/div><\/div><\/div><div class=\"kt-blocks-post-grid-item-inner\"><header><h3 class=\"entry-title\"><a href=\"https:\/\/www.zukunftsbranche-bahn.de\/en\/nachrichten\/bahnbranche-sichert-halbe-million-arbeitsplaetze\/\">Bahnbranche sichert halbe Million Arbeitspl\u00e4tze<\/a><\/h3><div class=\"kt-blocks-post-top-meta\"><div class=\"kt-blocks-date\"><time datetime=\"2022-03-09T09:14:24+01:00\" class=\"kt-blocks-post-date\">9. March 2022<\/time><\/div><div class=\"kt-blocks-meta-divider kt-blocks-meta-has-divider\">&#183;<\/div><div class=\"kt-blocks-post-author\"><span class=\"kt-blocks-categories\"><a href=\"https:\/\/www.zukunftsbranche-bahn.de\/category\/nachrichten\/\" class=\"category-link-nachrichten\" rel=\"tag\">Nachrichten<\/a><\/span><\/div><\/div><\/header><div class=\"entry-content\">Das Deutsche Zentrum f\u00fcr Schienenverkehrsforschung (DZSF) beim Eisenbahn-Bundesamt hat im Auftrag des Bundesministeriums f\u00fcr Verkehr und digitale Infrastruktur (BMVI) umfassend untersuchen lassen, welche Besch\u00e4ftigungswirkung der&#8230;<div class=\"kt-blocks-post-readmore-wrap\"><a class=\"kt-blocks-post-readmore\" href=\"https:\/\/www.zukunftsbranche-bahn.de\/en\/nachrichten\/bahnbranche-sichert-halbe-million-arbeitsplaetze\/\">Weiterlesen<span class=\"screen-reader-text\"> Bahnbranche sichert halbe Million Arbeitspl\u00e4tze<\/span><\/a><\/div><\/div><footer class=\"kt-blocks-post-footer\"><div class=\"kt-blocks-post-footer-left\"><\/div><div class=\"kt-blocks-post-footer-right\"><\/div><\/footer><\/div><\/div><\/article><\/div><div class=\"kt-post-masonry-item kb-filter-56 post-116 post type-post status-publish format-standard has-post-thumbnail hentry category-erfahrungsberichte\"><article class=\"kt-blocks-post-grid-item\"><div class=\"kt-blocks-post-grid-item-inner-wrap kt-feat-image-align-top kt-feat-image-mobile-align-top kb-post-footer-bottom-align\"><div class=\"kadence-post-image\"><div class=\"kadence-post-image-intrisic kt-image-ratio-50\" style=\"padding-bottom:50%;\"><div class=\"kadence-post-image-inner-intrisic\"><a aria-hidden=\"true\" tabindex=\"-1\" role=\"presentation\" href=\"https:\/\/www.zukunftsbranche-bahn.de\/en\/erfahrungsberichte\/jens-heeren\/\" aria-label=\"Jens Heeren &#8211; Inbetriebnahmesteurer bei der DB Netz AG in Hannover und Absolvent der Fachhochschule St. P\u00f6lten\" class=\"kadence-post-image-inner-wrap\"><img loading=\"lazy\" decoding=\"async\" width=\"768\" height=\"512\" src=\"https:\/\/www.zukunftsbranche-bahn.de\/wp-content\/uploads\/artikel-heeren-768x512.jpg\" class=\"attachment-medium_large size-medium_large wp-post-image\" alt=\"\" srcset=\"https:\/\/www.zukunftsbranche-bahn.de\/wp-content\/uploads\/artikel-heeren-768x512.jpg 768w, https:\/\/www.zukunftsbranche-bahn.de\/wp-content\/uploads\/artikel-heeren-300x200.jpg 300w, https:\/\/www.zukunftsbranche-bahn.de\/wp-content\/uploads\/artikel-heeren-1024x683.jpg 1024w, https:\/\/www.zukunftsbranche-bahn.de\/wp-content\/uploads\/artikel-heeren-1536x1024.jpg 1536w, https:\/\/www.zukunftsbranche-bahn.de\/wp-content\/uploads\/artikel-heeren.jpg 1920w\" sizes=\"auto, (max-width: 768px) 100vw, 768px\" \/><\/a><\/div><\/div><\/div><div class=\"kt-blocks-post-grid-item-inner\"><header><h3 class=\"entry-title\"><a href=\"https:\/\/www.zukunftsbranche-bahn.de\/en\/erfahrungsberichte\/jens-heeren\/\">Jens Heeren &#8211; Inbetriebnahmesteurer bei der DB Netz AG in Hannover und Absolvent der Fachhochschule St. P\u00f6lten<\/a><\/h3><div class=\"kt-blocks-post-top-meta\"><div class=\"kt-blocks-date\"><time datetime=\"2021-07-29T15:48:00+02:00\" class=\"kt-blocks-post-date\">29. July 2021<\/time><\/div><div class=\"kt-blocks-meta-divider kt-blocks-meta-has-divider\">&#183;<\/div><div class=\"kt-blocks-post-author\"><span class=\"kt-blocks-categories\"><a href=\"https:\/\/www.zukunftsbranche-bahn.de\/category\/erfahrungsberichte\/\" class=\"category-link-erfahrungsberichte\" rel=\"tag\">Erfahrungsberichte<\/a><\/span><\/div><\/div><\/header><div class=\"entry-content\">Die Eisenbahn ist das Verkehrsmittel der Zukunft. Deshalb braucht sie schon jetzt exzellent ausgebildete Fachkr\u00e4fte und Manager\/-innen. Die Fachhochschule St. P\u00f6lten bietet hierf\u00fcr eine optimale&#8230;<div class=\"kt-blocks-post-readmore-wrap\"><a class=\"kt-blocks-post-readmore\" href=\"https:\/\/www.zukunftsbranche-bahn.de\/en\/erfahrungsberichte\/jens-heeren\/\">Weiterlesen<span class=\"screen-reader-text\"> Jens Heeren &#8211; Inbetriebnahmesteurer bei der DB Netz AG in Hannover und Absolvent der Fachhochschule St. P\u00f6lten<\/span><\/a><\/div><\/div><footer class=\"kt-blocks-post-footer\"><div class=\"kt-blocks-post-footer-left\"><\/div><div class=\"kt-blocks-post-footer-right\"><\/div><\/footer><\/div><\/div><\/article><\/div><div class=\"kt-post-masonry-item kb-filter-57 post-136 post type-post status-publish format-standard has-post-thumbnail hentry category-interviews\"><article class=\"kt-blocks-post-grid-item\"><div class=\"kt-blocks-post-grid-item-inner-wrap kt-feat-image-align-top kt-feat-image-mobile-align-top kb-post-footer-bottom-align\"><div class=\"kadence-post-image\"><div class=\"kadence-post-image-intrisic kt-image-ratio-50\" style=\"padding-bottom:50%;\"><div class=\"kadence-post-image-inner-intrisic\"><a aria-hidden=\"true\" tabindex=\"-1\" role=\"presentation\" href=\"https:\/\/www.zukunftsbranche-bahn.de\/en\/interviews\/markus-fankhauser\/\" aria-label=\"Markus Fankhauser &#8211; Technischer Leiter bei Molinari Rail Austria GmbH\" class=\"kadence-post-image-inner-wrap\"><img loading=\"lazy\" decoding=\"async\" width=\"768\" height=\"512\" src=\"https:\/\/www.zukunftsbranche-bahn.de\/wp-content\/uploads\/artikel-frankhauser-768x512.jpg\" class=\"attachment-medium_large size-medium_large wp-post-image\" alt=\"\" srcset=\"https:\/\/www.zukunftsbranche-bahn.de\/wp-content\/uploads\/artikel-frankhauser-768x512.jpg 768w, https:\/\/www.zukunftsbranche-bahn.de\/wp-content\/uploads\/artikel-frankhauser-300x200.jpg 300w, https:\/\/www.zukunftsbranche-bahn.de\/wp-content\/uploads\/artikel-frankhauser-1024x683.jpg 1024w, https:\/\/www.zukunftsbranche-bahn.de\/wp-content\/uploads\/artikel-frankhauser-1536x1024.jpg 1536w, https:\/\/www.zukunftsbranche-bahn.de\/wp-content\/uploads\/artikel-frankhauser.jpg 1920w\" sizes=\"auto, (max-width: 768px) 100vw, 768px\" \/><\/a><\/div><\/div><\/div><div class=\"kt-blocks-post-grid-item-inner\"><header><h3 class=\"entry-title\"><a href=\"https:\/\/www.zukunftsbranche-bahn.de\/en\/interviews\/markus-fankhauser\/\">Markus Fankhauser &#8211; Technischer Leiter bei Molinari Rail Austria GmbH<\/a><\/h3><div class=\"kt-blocks-post-top-meta\"><div class=\"kt-blocks-date\"><time datetime=\"2021-07-27T16:01:00+02:00\" class=\"kt-blocks-post-date\">27. July 2021<\/time><\/div><div class=\"kt-blocks-meta-divider kt-blocks-meta-has-divider\">&#183;<\/div><div class=\"kt-blocks-post-author\"><span class=\"kt-blocks-categories\"><a href=\"https:\/\/www.zukunftsbranche-bahn.de\/category\/interviews\/\" class=\"category-link-interviews\" rel=\"tag\">Interviews<\/a><\/span><\/div><\/div><\/header><div class=\"entry-content\">Seit 2014 leitet Markus Fankhauser die Elektrotechnische Konstruktionsabteilung der Molinari RailAustria GmbH am Standort Schwaz in Tirol. Im Juli 2018 hat Markus Fankhauser die technischeGesamtleitung&#8230;<div class=\"kt-blocks-post-readmore-wrap\"><a class=\"kt-blocks-post-readmore\" href=\"https:\/\/www.zukunftsbranche-bahn.de\/en\/interviews\/markus-fankhauser\/\">Weiterlesen<span class=\"screen-reader-text\"> Markus Fankhauser &#8211; Technischer Leiter bei Molinari Rail Austria GmbH<\/span><\/a><\/div><\/div><footer class=\"kt-blocks-post-footer\"><div class=\"kt-blocks-post-footer-left\"><\/div><div class=\"kt-blocks-post-footer-right\"><\/div><\/footer><\/div><\/div><\/article><\/div><div class=\"kt-post-masonry-item kb-filter-57 post-170 post type-post status-publish format-standard has-post-thumbnail hentry category-interviews\"><article class=\"kt-blocks-post-grid-item\"><div class=\"kt-blocks-post-grid-item-inner-wrap kt-feat-image-align-top kt-feat-image-mobile-align-top kb-post-footer-bottom-align\"><div class=\"kadence-post-image\"><div class=\"kadence-post-image-intrisic kt-image-ratio-50\" style=\"padding-bottom:50%;\"><div class=\"kadence-post-image-inner-intrisic\"><a aria-hidden=\"true\" tabindex=\"-1\" role=\"presentation\" href=\"https:\/\/www.zukunftsbranche-bahn.de\/en\/interviews\/nathalie-harbig\/\" aria-label=\"Nathalie Harbig &#8211; Berechnungsingenieurin bei Bombardier Transportation\" class=\"kadence-post-image-inner-wrap\"><img loading=\"lazy\" decoding=\"async\" width=\"768\" height=\"512\" src=\"https:\/\/www.zukunftsbranche-bahn.de\/wp-content\/uploads\/artikel-harbig-768x512.jpg\" class=\"attachment-medium_large size-medium_large wp-post-image\" alt=\"\" srcset=\"https:\/\/www.zukunftsbranche-bahn.de\/wp-content\/uploads\/artikel-harbig-768x512.jpg 768w, https:\/\/www.zukunftsbranche-bahn.de\/wp-content\/uploads\/artikel-harbig-300x200.jpg 300w, https:\/\/www.zukunftsbranche-bahn.de\/wp-content\/uploads\/artikel-harbig-1024x683.jpg 1024w, https:\/\/www.zukunftsbranche-bahn.de\/wp-content\/uploads\/artikel-harbig-1536x1024.jpg 1536w, https:\/\/www.zukunftsbranche-bahn.de\/wp-content\/uploads\/artikel-harbig.jpg 1920w\" sizes=\"auto, (max-width: 768px) 100vw, 768px\" \/><\/a><\/div><\/div><\/div><div class=\"kt-blocks-post-grid-item-inner\"><header><h3 class=\"entry-title\"><a href=\"https:\/\/www.zukunftsbranche-bahn.de\/en\/interviews\/nathalie-harbig\/\">Nathalie Harbig &#8211; Berechnungsingenieurin bei Bombardier Transportation<\/a><\/h3><div class=\"kt-blocks-post-top-meta\"><div class=\"kt-blocks-date\"><time datetime=\"2021-07-26T16:14:58+02:00\" class=\"kt-blocks-post-date\">26. July 2021<\/time><\/div><div class=\"kt-blocks-meta-divider kt-blocks-meta-has-divider\">&#183;<\/div><div class=\"kt-blocks-post-author\"><span class=\"kt-blocks-categories\"><a href=\"https:\/\/www.zukunftsbranche-bahn.de\/category\/interviews\/\" class=\"category-link-interviews\" rel=\"tag\">Interviews<\/a><\/span><\/div><\/div><\/header><div class=\"entry-content\">Abwechslungsreiche Aufgaben und Teamwork Im Gespr\u00e4ch: Nathalie Harbig, Ingenieurin bei Bombardier Transportation Der Schienenverkehr ist eine der nachhaltigsten Transportarten. Ein weltweit f\u00fchrendes Unternehmen f\u00fcr Schienenverkehrssysteme&#8230;<div class=\"kt-blocks-post-readmore-wrap\"><a class=\"kt-blocks-post-readmore\" href=\"https:\/\/www.zukunftsbranche-bahn.de\/en\/interviews\/nathalie-harbig\/\">Weiterlesen<span class=\"screen-reader-text\"> Nathalie Harbig &#8211; Berechnungsingenieurin bei Bombardier Transportation<\/span><\/a><\/div><\/div><footer class=\"kt-blocks-post-footer\"><div class=\"kt-blocks-post-footer-left\"><\/div><div class=\"kt-blocks-post-footer-right\"><\/div><\/footer><\/div><\/div><\/article><\/div><div class=\"kt-post-masonry-item kb-filter-57 post-168 post type-post status-publish format-standard has-post-thumbnail hentry category-interviews\"><article class=\"kt-blocks-post-grid-item\"><div class=\"kt-blocks-post-grid-item-inner-wrap kt-feat-image-align-top kt-feat-image-mobile-align-top kb-post-footer-bottom-align\"><div class=\"kadence-post-image\"><div class=\"kadence-post-image-intrisic kt-image-ratio-50\" style=\"padding-bottom:50%;\"><div class=\"kadence-post-image-inner-intrisic\"><a aria-hidden=\"true\" tabindex=\"-1\" role=\"presentation\" href=\"https:\/\/www.zukunftsbranche-bahn.de\/en\/interviews\/arslan-nisar\/\" aria-label=\"Arslan Nisar &#8211; Auszubildener Elektronik in der Betriebstechnik bei Balfour Beatty Rail\" class=\"kadence-post-image-inner-wrap\"><img loading=\"lazy\" decoding=\"async\" width=\"768\" height=\"512\" src=\"https:\/\/www.zukunftsbranche-bahn.de\/wp-content\/uploads\/Arslan-Nisar-768x512.jpg\" class=\"attachment-medium_large size-medium_large wp-post-image\" alt=\"\" srcset=\"https:\/\/www.zukunftsbranche-bahn.de\/wp-content\/uploads\/Arslan-Nisar-768x512.jpg 768w, https:\/\/www.zukunftsbranche-bahn.de\/wp-content\/uploads\/Arslan-Nisar-300x200.jpg 300w, https:\/\/www.zukunftsbranche-bahn.de\/wp-content\/uploads\/Arslan-Nisar-1024x683.jpg 1024w, https:\/\/www.zukunftsbranche-bahn.de\/wp-content\/uploads\/Arslan-Nisar-1536x1024.jpg 1536w, https:\/\/www.zukunftsbranche-bahn.de\/wp-content\/uploads\/Arslan-Nisar.jpg 1920w\" sizes=\"auto, (max-width: 768px) 100vw, 768px\" \/><\/a><\/div><\/div><\/div><div class=\"kt-blocks-post-grid-item-inner\"><header><h3 class=\"entry-title\"><a href=\"https:\/\/www.zukunftsbranche-bahn.de\/en\/interviews\/arslan-nisar\/\">Arslan Nisar &#8211; Auszubildener Elektronik in der Betriebstechnik bei Balfour Beatty Rail<\/a><\/h3><div class=\"kt-blocks-post-top-meta\"><div class=\"kt-blocks-date\"><time datetime=\"2021-07-26T16:14:31+02:00\" class=\"kt-blocks-post-date\">26. July 2021<\/time><\/div><div class=\"kt-blocks-meta-divider kt-blocks-meta-has-divider\">&#183;<\/div><div class=\"kt-blocks-post-author\"><span class=\"kt-blocks-categories\"><a href=\"https:\/\/www.zukunftsbranche-bahn.de\/category\/interviews\/\" class=\"category-link-interviews\" rel=\"tag\">Interviews<\/a><\/span><\/div><\/div><\/header><div class=\"entry-content\">Mathe, Physik und&nbsp; logisches Denken sind gefragt Im Gespr\u00e4ch: Arslan Nisar, Auszubildender zum Elektroniker bei Balfour Beatty Arslan Nisar ist im dritten Ausbildungsjahr zum Elektroniker&#8230;<div class=\"kt-blocks-post-readmore-wrap\"><a class=\"kt-blocks-post-readmore\" href=\"https:\/\/www.zukunftsbranche-bahn.de\/en\/interviews\/arslan-nisar\/\">Weiterlesen<span class=\"screen-reader-text\"> Arslan Nisar &#8211; Auszubildener Elektronik in der Betriebstechnik bei Balfour Beatty Rail<\/span><\/a><\/div><\/div><footer class=\"kt-blocks-post-footer\"><div class=\"kt-blocks-post-footer-left\"><\/div><div class=\"kt-blocks-post-footer-right\"><\/div><\/footer><\/div><\/div><\/article><\/div><div class=\"kt-post-masonry-item kb-filter-57 post-166 post type-post status-publish format-standard has-post-thumbnail hentry category-interviews\"><article class=\"kt-blocks-post-grid-item\"><div class=\"kt-blocks-post-grid-item-inner-wrap kt-feat-image-align-top kt-feat-image-mobile-align-top kb-post-footer-bottom-align\"><div class=\"kadence-post-image\"><div class=\"kadence-post-image-intrisic kt-image-ratio-50\" style=\"padding-bottom:50%;\"><div class=\"kadence-post-image-inner-intrisic\"><a aria-hidden=\"true\" tabindex=\"-1\" role=\"presentation\" href=\"https:\/\/www.zukunftsbranche-bahn.de\/en\/interviews\/hendrik-stalmann-fischer\/\" aria-label=\"Hendrik Stalmann-Fischer &#8211; Student der Verkehrswissenschaften an der TU Dresden\" class=\"kadence-post-image-inner-wrap\"><img loading=\"lazy\" decoding=\"async\" width=\"768\" height=\"512\" src=\"https:\/\/www.zukunftsbranche-bahn.de\/wp-content\/uploads\/Hendrik-Stalmann-Fischer-768x512.jpg\" class=\"attachment-medium_large size-medium_large wp-post-image\" alt=\"\" srcset=\"https:\/\/www.zukunftsbranche-bahn.de\/wp-content\/uploads\/Hendrik-Stalmann-Fischer-768x512.jpg 768w, https:\/\/www.zukunftsbranche-bahn.de\/wp-content\/uploads\/Hendrik-Stalmann-Fischer-300x200.jpg 300w, https:\/\/www.zukunftsbranche-bahn.de\/wp-content\/uploads\/Hendrik-Stalmann-Fischer-1024x683.jpg 1024w, https:\/\/www.zukunftsbranche-bahn.de\/wp-content\/uploads\/Hendrik-Stalmann-Fischer-1536x1024.jpg 1536w, https:\/\/www.zukunftsbranche-bahn.de\/wp-content\/uploads\/Hendrik-Stalmann-Fischer.jpg 1920w\" sizes=\"auto, (max-width: 768px) 100vw, 768px\" \/><\/a><\/div><\/div><\/div><div class=\"kt-blocks-post-grid-item-inner\"><header><h3 class=\"entry-title\"><a href=\"https:\/\/www.zukunftsbranche-bahn.de\/en\/interviews\/hendrik-stalmann-fischer\/\">Hendrik Stalmann-Fischer &#8211; Student der Verkehrswissenschaften an der TU Dresden<\/a><\/h3><div class=\"kt-blocks-post-top-meta\"><div class=\"kt-blocks-date\"><time datetime=\"2021-07-26T16:13:22+02:00\" class=\"kt-blocks-post-date\">26. July 2021<\/time><\/div><div class=\"kt-blocks-meta-divider kt-blocks-meta-has-divider\">&#183;<\/div><div class=\"kt-blocks-post-author\"><span class=\"kt-blocks-categories\"><a href=\"https:\/\/www.zukunftsbranche-bahn.de\/category\/interviews\/\" class=\"category-link-interviews\" rel=\"tag\">Interviews<\/a><\/span><\/div><\/div><\/header><div class=\"entry-content\">\u201eMan muss neugierig sein, um \u00fcber den Tellerrand eines Verkehrstr\u00e4gers hinauszuschauen\u201c Interview mit Hendrik Stalmann-Fischer, Student der Verkehrswissenschaften an der TU Dresden Hendrik Stalmann-Fischer ist&#8230;<div class=\"kt-blocks-post-readmore-wrap\"><a class=\"kt-blocks-post-readmore\" href=\"https:\/\/www.zukunftsbranche-bahn.de\/en\/interviews\/hendrik-stalmann-fischer\/\">Weiterlesen<span class=\"screen-reader-text\"> Hendrik Stalmann-Fischer &#8211; Student der Verkehrswissenschaften an der TU Dresden<\/span><\/a><\/div><\/div><footer class=\"kt-blocks-post-footer\"><div class=\"kt-blocks-post-footer-left\"><\/div><div class=\"kt-blocks-post-footer-right\"><\/div><\/footer><\/div><\/div><\/article><\/div><div class=\"kt-post-masonry-item kb-filter-57 post-164 post type-post status-publish format-standard has-post-thumbnail hentry category-interviews\"><article class=\"kt-blocks-post-grid-item\"><div class=\"kt-blocks-post-grid-item-inner-wrap kt-feat-image-align-top kt-feat-image-mobile-align-top kb-post-footer-bottom-align\"><div class=\"kadence-post-image\"><div class=\"kadence-post-image-intrisic kt-image-ratio-50\" style=\"padding-bottom:50%;\"><div class=\"kadence-post-image-inner-intrisic\"><a aria-hidden=\"true\" tabindex=\"-1\" role=\"presentation\" href=\"https:\/\/www.zukunftsbranche-bahn.de\/en\/interviews\/edmund-h-schlummer\/\" aria-label=\"Edmund H. Schlummer &#8211; Schlummer Management Consulting\" class=\"kadence-post-image-inner-wrap\"><img loading=\"lazy\" decoding=\"async\" width=\"768\" height=\"512\" src=\"https:\/\/www.zukunftsbranche-bahn.de\/wp-content\/uploads\/Edmund-H-Schlummer-768x512.jpg\" class=\"attachment-medium_large size-medium_large wp-post-image\" alt=\"\" srcset=\"https:\/\/www.zukunftsbranche-bahn.de\/wp-content\/uploads\/Edmund-H-Schlummer-768x512.jpg 768w, https:\/\/www.zukunftsbranche-bahn.de\/wp-content\/uploads\/Edmund-H-Schlummer-300x200.jpg 300w, https:\/\/www.zukunftsbranche-bahn.de\/wp-content\/uploads\/Edmund-H-Schlummer-1024x683.jpg 1024w, https:\/\/www.zukunftsbranche-bahn.de\/wp-content\/uploads\/Edmund-H-Schlummer-1536x1024.jpg 1536w, https:\/\/www.zukunftsbranche-bahn.de\/wp-content\/uploads\/Edmund-H-Schlummer.jpg 1920w\" sizes=\"auto, (max-width: 768px) 100vw, 768px\" \/><\/a><\/div><\/div><\/div><div class=\"kt-blocks-post-grid-item-inner\"><header><h3 class=\"entry-title\"><a href=\"https:\/\/www.zukunftsbranche-bahn.de\/en\/interviews\/edmund-h-schlummer\/\">Edmund H. Schlummer &#8211; Schlummer Management Consulting<\/a><\/h3><div class=\"kt-blocks-post-top-meta\"><div class=\"kt-blocks-date\"><time datetime=\"2021-07-26T16:12:54+02:00\" class=\"kt-blocks-post-date\">26. July 2021<\/time><\/div><div class=\"kt-blocks-meta-divider kt-blocks-meta-has-divider\">&#183;<\/div><div class=\"kt-blocks-post-author\"><span class=\"kt-blocks-categories\"><a href=\"https:\/\/www.zukunftsbranche-bahn.de\/category\/interviews\/\" class=\"category-link-interviews\" rel=\"tag\">Interviews<\/a><\/span><\/div><\/div><\/header><div class=\"entry-content\">\u201eEisenbahn ist nicht Eisenzeit\u201c Edmund H. Schlummer, Gr\u00fcnder und gesch\u00e4ftsf\u00fchrender Gesellschafter Schlummer Management Consulting GmbH, Zierenberg Edmund H. Schlummer war \u00fcber 20 Jahre mit verantwortungsvollen&#8230;<div class=\"kt-blocks-post-readmore-wrap\"><a class=\"kt-blocks-post-readmore\" href=\"https:\/\/www.zukunftsbranche-bahn.de\/en\/interviews\/edmund-h-schlummer\/\">Weiterlesen<span class=\"screen-reader-text\"> Edmund H. Schlummer &#8211; Schlummer Management Consulting<\/span><\/a><\/div><\/div><footer class=\"kt-blocks-post-footer\"><div class=\"kt-blocks-post-footer-left\"><\/div><div class=\"kt-blocks-post-footer-right\"><\/div><\/footer><\/div><\/div><\/article><\/div><div class=\"kt-post-masonry-item kb-filter-57 post-162 post type-post status-publish format-standard has-post-thumbnail hentry category-interviews\"><article class=\"kt-blocks-post-grid-item\"><div class=\"kt-blocks-post-grid-item-inner-wrap kt-feat-image-align-top kt-feat-image-mobile-align-top kb-post-footer-bottom-align\"><div class=\"kadence-post-image\"><div class=\"kadence-post-image-intrisic kt-image-ratio-50\" style=\"padding-bottom:50%;\"><div class=\"kadence-post-image-inner-intrisic\"><a aria-hidden=\"true\" tabindex=\"-1\" role=\"presentation\" href=\"https:\/\/www.zukunftsbranche-bahn.de\/en\/interviews\/martin-offer\/\" aria-label=\"Martin Offer &#8211; Projektleiter ICx bei Siemens Rail Systems\" class=\"kadence-post-image-inner-wrap\"><img loading=\"lazy\" decoding=\"async\" width=\"768\" height=\"512\" src=\"https:\/\/www.zukunftsbranche-bahn.de\/wp-content\/uploads\/Martin-Offer-768x512.jpg\" class=\"attachment-medium_large size-medium_large wp-post-image\" alt=\"\" srcset=\"https:\/\/www.zukunftsbranche-bahn.de\/wp-content\/uploads\/Martin-Offer-768x512.jpg 768w, https:\/\/www.zukunftsbranche-bahn.de\/wp-content\/uploads\/Martin-Offer-300x200.jpg 300w, https:\/\/www.zukunftsbranche-bahn.de\/wp-content\/uploads\/Martin-Offer-1024x683.jpg 1024w, https:\/\/www.zukunftsbranche-bahn.de\/wp-content\/uploads\/Martin-Offer-1536x1024.jpg 1536w, https:\/\/www.zukunftsbranche-bahn.de\/wp-content\/uploads\/Martin-Offer.jpg 1920w\" sizes=\"auto, (max-width: 768px) 100vw, 768px\" \/><\/a><\/div><\/div><\/div><div class=\"kt-blocks-post-grid-item-inner\"><header><h3 class=\"entry-title\"><a href=\"https:\/\/www.zukunftsbranche-bahn.de\/en\/interviews\/martin-offer\/\">Martin Offer &#8211; Projektleiter ICx bei Siemens Rail Systems<\/a><\/h3><div class=\"kt-blocks-post-top-meta\"><div class=\"kt-blocks-date\"><time datetime=\"2021-07-26T16:11:05+02:00\" class=\"kt-blocks-post-date\">26. July 2021<\/time><\/div><div class=\"kt-blocks-meta-divider kt-blocks-meta-has-divider\">&#183;<\/div><div class=\"kt-blocks-post-author\"><span class=\"kt-blocks-categories\"><a href=\"https:\/\/www.zukunftsbranche-bahn.de\/category\/interviews\/\" class=\"category-link-interviews\" rel=\"tag\">Interviews<\/a><\/span><\/div><\/div><\/header><div class=\"entry-content\">Faszination Hochgeschwindigkeit Im Gespr\u00e4ch mit Martin Offer, Projektleiter ICx bei Siemens Rail Systems Es ist der bisher gr\u00f6\u00dfte Auftrag in der \u00fcber 160-j\u00e4hrigen Unternehmensgeschichte: Siemens&#8230;<div class=\"kt-blocks-post-readmore-wrap\"><a class=\"kt-blocks-post-readmore\" href=\"https:\/\/www.zukunftsbranche-bahn.de\/en\/interviews\/martin-offer\/\">Weiterlesen<span class=\"screen-reader-text\"> Martin Offer &#8211; Projektleiter ICx bei Siemens Rail Systems<\/span><\/a><\/div><\/div><footer class=\"kt-blocks-post-footer\"><div class=\"kt-blocks-post-footer-left\"><\/div><div class=\"kt-blocks-post-footer-right\"><\/div><\/footer><\/div><\/div><\/article><\/div><div class=\"kt-post-masonry-item kb-filter-57 post-160 post type-post status-publish format-standard has-post-thumbnail hentry category-interviews\"><article class=\"kt-blocks-post-grid-item\"><div class=\"kt-blocks-post-grid-item-inner-wrap kt-feat-image-align-top kt-feat-image-mobile-align-top kb-post-footer-bottom-align\"><div class=\"kadence-post-image\"><div class=\"kadence-post-image-intrisic kt-image-ratio-50\" style=\"padding-bottom:50%;\"><div class=\"kadence-post-image-inner-intrisic\"><a aria-hidden=\"true\" tabindex=\"-1\" role=\"presentation\" href=\"https:\/\/www.zukunftsbranche-bahn.de\/en\/interviews\/marco-schneider\/\" aria-label=\"Marco Schneider &#8211; Zugverkehrsleiter bei den Schweizerischen Bundesbahnen\" class=\"kadence-post-image-inner-wrap\"><img loading=\"lazy\" decoding=\"async\" width=\"768\" height=\"512\" src=\"https:\/\/www.zukunftsbranche-bahn.de\/wp-content\/uploads\/Marco-Schneider-768x512.jpg\" class=\"attachment-medium_large size-medium_large wp-post-image\" alt=\"\" srcset=\"https:\/\/www.zukunftsbranche-bahn.de\/wp-content\/uploads\/Marco-Schneider-768x512.jpg 768w, https:\/\/www.zukunftsbranche-bahn.de\/wp-content\/uploads\/Marco-Schneider-300x200.jpg 300w, https:\/\/www.zukunftsbranche-bahn.de\/wp-content\/uploads\/Marco-Schneider-1024x683.jpg 1024w, https:\/\/www.zukunftsbranche-bahn.de\/wp-content\/uploads\/Marco-Schneider-1536x1024.jpg 1536w, https:\/\/www.zukunftsbranche-bahn.de\/wp-content\/uploads\/Marco-Schneider.jpg 1920w\" sizes=\"auto, (max-width: 768px) 100vw, 768px\" \/><\/a><\/div><\/div><\/div><div class=\"kt-blocks-post-grid-item-inner\"><header><h3 class=\"entry-title\"><a href=\"https:\/\/www.zukunftsbranche-bahn.de\/en\/interviews\/marco-schneider\/\">Marco Schneider &#8211; Zugverkehrsleiter bei den Schweizerischen Bundesbahnen<\/a><\/h3><div class=\"kt-blocks-post-top-meta\"><div class=\"kt-blocks-date\"><time datetime=\"2021-07-26T16:10:16+02:00\" class=\"kt-blocks-post-date\">26. July 2021<\/time><\/div><div class=\"kt-blocks-meta-divider kt-blocks-meta-has-divider\">&#183;<\/div><div class=\"kt-blocks-post-author\"><span class=\"kt-blocks-categories\"><a href=\"https:\/\/www.zukunftsbranche-bahn.de\/category\/interviews\/\" class=\"category-link-interviews\" rel=\"tag\">Interviews<\/a><\/span><\/div><\/div><\/header><div class=\"entry-content\">\u201eImmer einen k\u00fchlen Kopf bewahren\u201c. Im Gespr\u00e4ch mit Marco Schneider, Zugverkehrsleiter bei den Schweizerischen Bundesbahnen.<div class=\"kt-blocks-post-readmore-wrap\"><a class=\"kt-blocks-post-readmore\" href=\"https:\/\/www.zukunftsbranche-bahn.de\/en\/interviews\/marco-schneider\/\">Weiterlesen<span class=\"screen-reader-text\"> Marco Schneider &#8211; Zugverkehrsleiter bei den Schweizerischen Bundesbahnen<\/span><\/a><\/div><\/div><footer class=\"kt-blocks-post-footer\"><div class=\"kt-blocks-post-footer-left\"><\/div><div class=\"kt-blocks-post-footer-right\"><\/div><\/footer><\/div><\/div><\/article><\/div><div class=\"kt-post-masonry-item kb-filter-57 post-158 post type-post status-publish format-standard has-post-thumbnail hentry category-interviews\"><article class=\"kt-blocks-post-grid-item\"><div class=\"kt-blocks-post-grid-item-inner-wrap kt-feat-image-align-top kt-feat-image-mobile-align-top kb-post-footer-bottom-align\"><div class=\"kadence-post-image\"><div class=\"kadence-post-image-intrisic kt-image-ratio-50\" style=\"padding-bottom:50%;\"><div class=\"kadence-post-image-inner-intrisic\"><a aria-hidden=\"true\" tabindex=\"-1\" role=\"presentation\" href=\"https:\/\/www.zukunftsbranche-bahn.de\/en\/interviews\/tekin-demirtas\/\" aria-label=\"Tekin Demirtas &#8211; Auszubildender als Gleisbauer bei Eiffage Rail\" class=\"kadence-post-image-inner-wrap\"><img loading=\"lazy\" decoding=\"async\" width=\"768\" height=\"512\" src=\"https:\/\/www.zukunftsbranche-bahn.de\/wp-content\/uploads\/Tekin-Demirtas-768x512.jpg\" class=\"attachment-medium_large size-medium_large wp-post-image\" alt=\"\" srcset=\"https:\/\/www.zukunftsbranche-bahn.de\/wp-content\/uploads\/Tekin-Demirtas-768x512.jpg 768w, https:\/\/www.zukunftsbranche-bahn.de\/wp-content\/uploads\/Tekin-Demirtas-300x200.jpg 300w, https:\/\/www.zukunftsbranche-bahn.de\/wp-content\/uploads\/Tekin-Demirtas-1024x683.jpg 1024w, https:\/\/www.zukunftsbranche-bahn.de\/wp-content\/uploads\/Tekin-Demirtas-1536x1024.jpg 1536w, https:\/\/www.zukunftsbranche-bahn.de\/wp-content\/uploads\/Tekin-Demirtas.jpg 1920w\" sizes=\"auto, (max-width: 768px) 100vw, 768px\" \/><\/a><\/div><\/div><\/div><div class=\"kt-blocks-post-grid-item-inner\"><header><h3 class=\"entry-title\"><a href=\"https:\/\/www.zukunftsbranche-bahn.de\/en\/interviews\/tekin-demirtas\/\">Tekin Demirtas &#8211; Auszubildender als Gleisbauer bei Eiffage Rail<\/a><\/h3><div class=\"kt-blocks-post-top-meta\"><div class=\"kt-blocks-date\"><time datetime=\"2021-07-26T16:09:49+02:00\" class=\"kt-blocks-post-date\">26. July 2021<\/time><\/div><div class=\"kt-blocks-meta-divider kt-blocks-meta-has-divider\">&#183;<\/div><div class=\"kt-blocks-post-author\"><span class=\"kt-blocks-categories\"><a href=\"https:\/\/www.zukunftsbranche-bahn.de\/category\/interviews\/\" class=\"category-link-interviews\" rel=\"tag\">Interviews<\/a><\/span><\/div><\/div><\/header><div class=\"entry-content\">Im Gespr\u00e4ch mit Tekin Demirtas Berufswahl aus guten Gr\u00fcnden Warum hast du dich f\u00fcr eine Ausbildung bei uns entschieden?&nbsp; Das ist im Grunde eine Familientradition:&#8230;<div class=\"kt-blocks-post-readmore-wrap\"><a class=\"kt-blocks-post-readmore\" href=\"https:\/\/www.zukunftsbranche-bahn.de\/en\/interviews\/tekin-demirtas\/\">Weiterlesen<span class=\"screen-reader-text\"> Tekin Demirtas &#8211; Auszubildender als Gleisbauer bei Eiffage Rail<\/span><\/a><\/div><\/div><footer class=\"kt-blocks-post-footer\"><div class=\"kt-blocks-post-footer-left\"><\/div><div class=\"kt-blocks-post-footer-right\"><\/div><\/footer><\/div><\/div><\/article><\/div><div class=\"kt-post-masonry-item kb-filter-57 post-156 post type-post status-publish format-standard has-post-thumbnail hentry category-interviews\"><article class=\"kt-blocks-post-grid-item\"><div class=\"kt-blocks-post-grid-item-inner-wrap kt-feat-image-align-top kt-feat-image-mobile-align-top kb-post-footer-bottom-align\"><div class=\"kadence-post-image\"><div class=\"kadence-post-image-intrisic kt-image-ratio-50\" style=\"padding-bottom:50%;\"><div class=\"kadence-post-image-inner-intrisic\"><a aria-hidden=\"true\" tabindex=\"-1\" role=\"presentation\" href=\"https:\/\/www.zukunftsbranche-bahn.de\/en\/interviews\/timo-plattner-und-simon-linnemanns\/\" aria-label=\"Timo Plattner und Simon Linnemanns &#8211; Internationales Projektmanagement bei Siemens: Mobility Turnkey Solutions\" class=\"kadence-post-image-inner-wrap\"><img loading=\"lazy\" decoding=\"async\" width=\"768\" height=\"512\" src=\"https:\/\/www.zukunftsbranche-bahn.de\/wp-content\/uploads\/Timo-Plattner-768x512.jpg\" class=\"attachment-medium_large size-medium_large wp-post-image\" alt=\"\" srcset=\"https:\/\/www.zukunftsbranche-bahn.de\/wp-content\/uploads\/Timo-Plattner-768x512.jpg 768w, https:\/\/www.zukunftsbranche-bahn.de\/wp-content\/uploads\/Timo-Plattner-300x200.jpg 300w, https:\/\/www.zukunftsbranche-bahn.de\/wp-content\/uploads\/Timo-Plattner-1024x683.jpg 1024w, https:\/\/www.zukunftsbranche-bahn.de\/wp-content\/uploads\/Timo-Plattner-1536x1024.jpg 1536w, https:\/\/www.zukunftsbranche-bahn.de\/wp-content\/uploads\/Timo-Plattner.jpg 1920w\" sizes=\"auto, (max-width: 768px) 100vw, 768px\" \/><\/a><\/div><\/div><\/div><div class=\"kt-blocks-post-grid-item-inner\"><header><h3 class=\"entry-title\"><a href=\"https:\/\/www.zukunftsbranche-bahn.de\/en\/interviews\/timo-plattner-und-simon-linnemanns\/\">Timo Plattner und Simon Linnemanns &#8211; Internationales Projektmanagement bei Siemens: Mobility Turnkey Solutions<\/a><\/h3><div class=\"kt-blocks-post-top-meta\"><div class=\"kt-blocks-date\"><time datetime=\"2021-07-26T16:08:44+02:00\" class=\"kt-blocks-post-date\">26. July 2021<\/time><\/div><div class=\"kt-blocks-meta-divider kt-blocks-meta-has-divider\">&#183;<\/div><div class=\"kt-blocks-post-author\"><span class=\"kt-blocks-categories\"><a href=\"https:\/\/www.zukunftsbranche-bahn.de\/category\/interviews\/\" class=\"category-link-interviews\" rel=\"tag\">Interviews<\/a><\/span><\/div><\/div><\/header><div class=\"entry-content\">Internationale Projekte f\u00fcr Bahngesamtanlagen Unter einem Turnkey-Projekt versteht man die Lieferung einer schl\u00fcsselfertigen Gesamtanlage. Der Bereich Mobility Turnkey Solutions (MTS) ist bei Siemens verantwortlich f\u00fcr&#8230;<div class=\"kt-blocks-post-readmore-wrap\"><a class=\"kt-blocks-post-readmore\" href=\"https:\/\/www.zukunftsbranche-bahn.de\/en\/interviews\/timo-plattner-und-simon-linnemanns\/\">Weiterlesen<span class=\"screen-reader-text\"> Timo Plattner und Simon Linnemanns &#8211; Internationales Projektmanagement bei Siemens: Mobility Turnkey Solutions<\/span><\/a><\/div><\/div><footer class=\"kt-blocks-post-footer\"><div class=\"kt-blocks-post-footer-left\"><\/div><div class=\"kt-blocks-post-footer-right\"><\/div><\/footer><\/div><\/div><\/article><\/div><div class=\"kt-post-masonry-item kb-filter-57 post-154 post type-post status-publish format-standard has-post-thumbnail hentry category-interviews\"><article class=\"kt-blocks-post-grid-item\"><div class=\"kt-blocks-post-grid-item-inner-wrap kt-feat-image-align-top kt-feat-image-mobile-align-top kb-post-footer-bottom-align\"><div class=\"kadence-post-image\"><div class=\"kadence-post-image-intrisic kt-image-ratio-50\" style=\"padding-bottom:50%;\"><div class=\"kadence-post-image-inner-intrisic\"><a aria-hidden=\"true\" tabindex=\"-1\" role=\"presentation\" href=\"https:\/\/www.zukunftsbranche-bahn.de\/en\/interviews\/avy-sun-chunxia-and-brandon-van-dyk\/\" aria-label=\"Avy Sun Chunxia and Brandon Van Dyk &#8211; International careers at Vossloh\" class=\"kadence-post-image-inner-wrap\"><img loading=\"lazy\" decoding=\"async\" width=\"768\" height=\"512\" src=\"https:\/\/www.zukunftsbranche-bahn.de\/wp-content\/uploads\/Avy-Sun-768x512.jpg\" class=\"attachment-medium_large size-medium_large wp-post-image\" alt=\"\" srcset=\"https:\/\/www.zukunftsbranche-bahn.de\/wp-content\/uploads\/Avy-Sun-768x512.jpg 768w, https:\/\/www.zukunftsbranche-bahn.de\/wp-content\/uploads\/Avy-Sun-300x200.jpg 300w, https:\/\/www.zukunftsbranche-bahn.de\/wp-content\/uploads\/Avy-Sun-1024x683.jpg 1024w, https:\/\/www.zukunftsbranche-bahn.de\/wp-content\/uploads\/Avy-Sun-1536x1024.jpg 1536w, https:\/\/www.zukunftsbranche-bahn.de\/wp-content\/uploads\/Avy-Sun.jpg 1920w\" sizes=\"auto, (max-width: 768px) 100vw, 768px\" \/><\/a><\/div><\/div><\/div><div class=\"kt-blocks-post-grid-item-inner\"><header><h3 class=\"entry-title\"><a href=\"https:\/\/www.zukunftsbranche-bahn.de\/en\/interviews\/avy-sun-chunxia-and-brandon-van-dyk\/\">Avy Sun Chunxia and Brandon Van Dyk &#8211; International careers at Vossloh<\/a><\/h3><div class=\"kt-blocks-post-top-meta\"><div class=\"kt-blocks-date\"><time datetime=\"2021-07-26T16:07:58+02:00\" class=\"kt-blocks-post-date\">26. July 2021<\/time><\/div><div class=\"kt-blocks-meta-divider kt-blocks-meta-has-divider\">&#183;<\/div><div class=\"kt-blocks-post-author\"><span class=\"kt-blocks-categories\"><a href=\"https:\/\/www.zukunftsbranche-bahn.de\/category\/interviews\/\" class=\"category-link-interviews\" rel=\"tag\">Interviews<\/a><\/span><\/div><\/div><\/header><div class=\"entry-content\">Excerpts from Interviews with Avy and Brandon Hello Avy, you work for Vossloh in the Human Resources Department in China since September 2011. What did&#8230;<div class=\"kt-blocks-post-readmore-wrap\"><a class=\"kt-blocks-post-readmore\" href=\"https:\/\/www.zukunftsbranche-bahn.de\/en\/interviews\/avy-sun-chunxia-and-brandon-van-dyk\/\">Weiterlesen<span class=\"screen-reader-text\"> Avy Sun Chunxia and Brandon Van Dyk &#8211; International careers at Vossloh<\/span><\/a><\/div><\/div><footer class=\"kt-blocks-post-footer\"><div class=\"kt-blocks-post-footer-left\"><\/div><div class=\"kt-blocks-post-footer-right\"><\/div><\/footer><\/div><\/div><\/article><\/div><div class=\"kt-post-masonry-item kb-filter-57 post-152 post type-post status-publish format-standard has-post-thumbnail hentry category-interviews\"><article class=\"kt-blocks-post-grid-item\"><div class=\"kt-blocks-post-grid-item-inner-wrap kt-feat-image-align-top kt-feat-image-mobile-align-top kb-post-footer-bottom-align\"><div class=\"kadence-post-image\"><div class=\"kadence-post-image-intrisic kt-image-ratio-50\" style=\"padding-bottom:50%;\"><div class=\"kadence-post-image-inner-intrisic\"><a aria-hidden=\"true\" tabindex=\"-1\" role=\"presentation\" href=\"https:\/\/www.zukunftsbranche-bahn.de\/en\/interviews\/patrick-sander\/\" aria-label=\"Patrick Sander &#8211; Azubi zum Eisenbahner im Betriebsdienst, Fachrichtung Lokf\u00fchrer und Transport bei SBB Cargo Internat.\" class=\"kadence-post-image-inner-wrap\"><img loading=\"lazy\" decoding=\"async\" width=\"768\" height=\"512\" src=\"https:\/\/www.zukunftsbranche-bahn.de\/wp-content\/uploads\/Patrick-Sander-768x512.jpg\" class=\"attachment-medium_large size-medium_large wp-post-image\" alt=\"\" srcset=\"https:\/\/www.zukunftsbranche-bahn.de\/wp-content\/uploads\/Patrick-Sander-768x512.jpg 768w, https:\/\/www.zukunftsbranche-bahn.de\/wp-content\/uploads\/Patrick-Sander-300x200.jpg 300w, https:\/\/www.zukunftsbranche-bahn.de\/wp-content\/uploads\/Patrick-Sander-1024x683.jpg 1024w, https:\/\/www.zukunftsbranche-bahn.de\/wp-content\/uploads\/Patrick-Sander-1536x1024.jpg 1536w, https:\/\/www.zukunftsbranche-bahn.de\/wp-content\/uploads\/Patrick-Sander.jpg 1920w\" sizes=\"auto, (max-width: 768px) 100vw, 768px\" \/><\/a><\/div><\/div><\/div><div class=\"kt-blocks-post-grid-item-inner\"><header><h3 class=\"entry-title\"><a href=\"https:\/\/www.zukunftsbranche-bahn.de\/en\/interviews\/patrick-sander\/\">Patrick Sander &#8211; Azubi zum Eisenbahner im Betriebsdienst, Fachrichtung Lokf\u00fchrer und Transport bei SBB Cargo Internat.<\/a><\/h3><div class=\"kt-blocks-post-top-meta\"><div class=\"kt-blocks-date\"><time datetime=\"2021-07-26T16:07:13+02:00\" class=\"kt-blocks-post-date\">26. July 2021<\/time><\/div><div class=\"kt-blocks-meta-divider kt-blocks-meta-has-divider\">&#183;<\/div><div class=\"kt-blocks-post-author\"><span class=\"kt-blocks-categories\"><a href=\"https:\/\/www.zukunftsbranche-bahn.de\/category\/interviews\/\" class=\"category-link-interviews\" rel=\"tag\">Interviews<\/a><\/span><\/div><\/div><\/header><div class=\"entry-content\">Technik, Romantik \u2013 ganz gro\u00dfes Kino SBB Cargo Deutschland in Duisburg ist die deutsche Tochter der SBB Cargo International AG in der Schweiz. Sie ist&#8230;<div class=\"kt-blocks-post-readmore-wrap\"><a class=\"kt-blocks-post-readmore\" href=\"https:\/\/www.zukunftsbranche-bahn.de\/en\/interviews\/patrick-sander\/\">Weiterlesen<span class=\"screen-reader-text\"> Patrick Sander &#8211; Azubi zum Eisenbahner im Betriebsdienst, Fachrichtung Lokf\u00fchrer und Transport bei SBB Cargo Internat.<\/span><\/a><\/div><\/div><footer class=\"kt-blocks-post-footer\"><div class=\"kt-blocks-post-footer-left\"><\/div><div class=\"kt-blocks-post-footer-right\"><\/div><\/footer><\/div><\/div><\/article><\/div><div class=\"kt-post-masonry-item kb-filter-57 post-150 post type-post status-publish format-standard has-post-thumbnail hentry category-interviews\"><article class=\"kt-blocks-post-grid-item\"><div class=\"kt-blocks-post-grid-item-inner-wrap kt-feat-image-align-top kt-feat-image-mobile-align-top kb-post-footer-bottom-align\"><div class=\"kadence-post-image\"><div class=\"kadence-post-image-intrisic kt-image-ratio-50\" style=\"padding-bottom:50%;\"><div class=\"kadence-post-image-inner-intrisic\"><a aria-hidden=\"true\" tabindex=\"-1\" role=\"presentation\" href=\"https:\/\/www.zukunftsbranche-bahn.de\/en\/interviews\/heinrich-kuebel\/\" aria-label=\"Heinrich K\u00fcbel &#8211; Softwareentwickler bei Aprixon Information Services\" class=\"kadence-post-image-inner-wrap\"><img loading=\"lazy\" decoding=\"async\" width=\"768\" height=\"512\" src=\"https:\/\/www.zukunftsbranche-bahn.de\/wp-content\/uploads\/Heinrich-Ku\u0308bel-768x512.jpg\" class=\"attachment-medium_large size-medium_large wp-post-image\" alt=\"\" srcset=\"https:\/\/www.zukunftsbranche-bahn.de\/wp-content\/uploads\/Heinrich-Ku\u0308bel-768x512.jpg 768w, https:\/\/www.zukunftsbranche-bahn.de\/wp-content\/uploads\/Heinrich-Ku\u0308bel-300x200.jpg 300w, https:\/\/www.zukunftsbranche-bahn.de\/wp-content\/uploads\/Heinrich-Ku\u0308bel-1024x683.jpg 1024w, https:\/\/www.zukunftsbranche-bahn.de\/wp-content\/uploads\/Heinrich-Ku\u0308bel-1536x1024.jpg 1536w, https:\/\/www.zukunftsbranche-bahn.de\/wp-content\/uploads\/Heinrich-Ku\u0308bel.jpg 1920w\" sizes=\"auto, (max-width: 768px) 100vw, 768px\" \/><\/a><\/div><\/div><\/div><div class=\"kt-blocks-post-grid-item-inner\"><header><h3 class=\"entry-title\"><a href=\"https:\/\/www.zukunftsbranche-bahn.de\/en\/interviews\/heinrich-kuebel\/\">Heinrich K\u00fcbel &#8211; Softwareentwickler bei Aprixon Information Services<\/a><\/h3><div class=\"kt-blocks-post-top-meta\"><div class=\"kt-blocks-date\"><time datetime=\"2021-07-26T16:06:46+02:00\" class=\"kt-blocks-post-date\">26. July 2021<\/time><\/div><div class=\"kt-blocks-meta-divider kt-blocks-meta-has-divider\">&#183;<\/div><div class=\"kt-blocks-post-author\"><span class=\"kt-blocks-categories\"><a href=\"https:\/\/www.zukunftsbranche-bahn.de\/category\/interviews\/\" class=\"category-link-interviews\" rel=\"tag\">Interviews<\/a><\/span><\/div><\/div><\/header><div class=\"entry-content\">Karriere als Softwareentwickler Heinrich K\u00fcbel, Leitung Softwareentwicklung bei Aprixon Information Services Herr K\u00fcbel, Sie haben als Student bei Aprixon begonnen und sind inzwischen Leiter der&#8230;<div class=\"kt-blocks-post-readmore-wrap\"><a class=\"kt-blocks-post-readmore\" href=\"https:\/\/www.zukunftsbranche-bahn.de\/en\/interviews\/heinrich-kuebel\/\">Weiterlesen<span class=\"screen-reader-text\"> Heinrich K\u00fcbel &#8211; Softwareentwickler bei Aprixon Information Services<\/span><\/a><\/div><\/div><footer class=\"kt-blocks-post-footer\"><div class=\"kt-blocks-post-footer-left\"><\/div><div class=\"kt-blocks-post-footer-right\"><\/div><\/footer><\/div><\/div><\/article><\/div><div class=\"kt-post-masonry-item kb-filter-57 post-148 post type-post status-publish format-standard has-post-thumbnail hentry category-interviews\"><article class=\"kt-blocks-post-grid-item\"><div class=\"kt-blocks-post-grid-item-inner-wrap kt-feat-image-align-top kt-feat-image-mobile-align-top kb-post-footer-bottom-align\"><div class=\"kadence-post-image\"><div class=\"kadence-post-image-intrisic kt-image-ratio-50\" style=\"padding-bottom:50%;\"><div class=\"kadence-post-image-inner-intrisic\"><a aria-hidden=\"true\" tabindex=\"-1\" role=\"presentation\" href=\"https:\/\/www.zukunftsbranche-bahn.de\/en\/interviews\/philipp-gentsch\/\" aria-label=\"Philipp Gentsch &#8211; Dual-Studierender bei der SPITZKE SE\" class=\"kadence-post-image-inner-wrap\"><img loading=\"lazy\" decoding=\"async\" width=\"768\" height=\"512\" src=\"https:\/\/www.zukunftsbranche-bahn.de\/wp-content\/uploads\/Philipp-Gentsch-768x512.jpg\" class=\"attachment-medium_large size-medium_large wp-post-image\" alt=\"\" srcset=\"https:\/\/www.zukunftsbranche-bahn.de\/wp-content\/uploads\/Philipp-Gentsch-768x512.jpg 768w, https:\/\/www.zukunftsbranche-bahn.de\/wp-content\/uploads\/Philipp-Gentsch-300x200.jpg 300w, https:\/\/www.zukunftsbranche-bahn.de\/wp-content\/uploads\/Philipp-Gentsch-1024x683.jpg 1024w, https:\/\/www.zukunftsbranche-bahn.de\/wp-content\/uploads\/Philipp-Gentsch-1536x1024.jpg 1536w, https:\/\/www.zukunftsbranche-bahn.de\/wp-content\/uploads\/Philipp-Gentsch.jpg 1920w\" sizes=\"auto, (max-width: 768px) 100vw, 768px\" \/><\/a><\/div><\/div><\/div><div class=\"kt-blocks-post-grid-item-inner\"><header><h3 class=\"entry-title\"><a href=\"https:\/\/www.zukunftsbranche-bahn.de\/en\/interviews\/philipp-gentsch\/\">Philipp Gentsch &#8211; Dual-Studierender bei der SPITZKE SE<\/a><\/h3><div class=\"kt-blocks-post-top-meta\"><div class=\"kt-blocks-date\"><time datetime=\"2021-07-26T16:05:10+02:00\" class=\"kt-blocks-post-date\">26. July 2021<\/time><\/div><div class=\"kt-blocks-meta-divider kt-blocks-meta-has-divider\">&#183;<\/div><div class=\"kt-blocks-post-author\"><span class=\"kt-blocks-categories\"><a href=\"https:\/\/www.zukunftsbranche-bahn.de\/category\/interviews\/\" class=\"category-link-interviews\" rel=\"tag\">Interviews<\/a><\/span><\/div><\/div><\/header><div class=\"entry-content\">Auf direktem Weg in die Zukunft Das letzte Semester BWL mit Fachrichtung Industrie ist absolviert, die Bachelor-Arbeit abgegeben \u2013 doch kein Grund f\u00fcr Philipp Gentsch&#8230;<div class=\"kt-blocks-post-readmore-wrap\"><a class=\"kt-blocks-post-readmore\" href=\"https:\/\/www.zukunftsbranche-bahn.de\/en\/interviews\/philipp-gentsch\/\">Weiterlesen<span class=\"screen-reader-text\"> Philipp Gentsch &#8211; Dual-Studierender bei der SPITZKE SE<\/span><\/a><\/div><\/div><footer class=\"kt-blocks-post-footer\"><div class=\"kt-blocks-post-footer-left\"><\/div><div class=\"kt-blocks-post-footer-right\"><\/div><\/footer><\/div><\/div><\/article><\/div><div class=\"kt-post-masonry-item kb-filter-57 post-146 post type-post status-publish format-standard has-post-thumbnail hentry category-interviews\"><article class=\"kt-blocks-post-grid-item\"><div class=\"kt-blocks-post-grid-item-inner-wrap kt-feat-image-align-top kt-feat-image-mobile-align-top kb-post-footer-bottom-align\"><div class=\"kadence-post-image\"><div class=\"kadence-post-image-intrisic kt-image-ratio-50\" style=\"padding-bottom:50%;\"><div class=\"kadence-post-image-inner-intrisic\"><a aria-hidden=\"true\" tabindex=\"-1\" role=\"presentation\" href=\"https:\/\/www.zukunftsbranche-bahn.de\/en\/interviews\/juliane-thiel\/\" aria-label=\"Juliane Thiel &#8211; Bauingenieurin bei Eiffage Rail\" class=\"kadence-post-image-inner-wrap\"><img loading=\"lazy\" decoding=\"async\" width=\"768\" height=\"512\" src=\"https:\/\/www.zukunftsbranche-bahn.de\/wp-content\/uploads\/Juliane-Thiel-768x512.jpg\" class=\"attachment-medium_large size-medium_large wp-post-image\" alt=\"\" srcset=\"https:\/\/www.zukunftsbranche-bahn.de\/wp-content\/uploads\/Juliane-Thiel-768x512.jpg 768w, https:\/\/www.zukunftsbranche-bahn.de\/wp-content\/uploads\/Juliane-Thiel-300x200.jpg 300w, https:\/\/www.zukunftsbranche-bahn.de\/wp-content\/uploads\/Juliane-Thiel-1024x683.jpg 1024w, https:\/\/www.zukunftsbranche-bahn.de\/wp-content\/uploads\/Juliane-Thiel-1536x1024.jpg 1536w, https:\/\/www.zukunftsbranche-bahn.de\/wp-content\/uploads\/Juliane-Thiel.jpg 1920w\" sizes=\"auto, (max-width: 768px) 100vw, 768px\" \/><\/a><\/div><\/div><\/div><div class=\"kt-blocks-post-grid-item-inner\"><header><h3 class=\"entry-title\"><a href=\"https:\/\/www.zukunftsbranche-bahn.de\/en\/interviews\/juliane-thiel\/\">Juliane Thiel &#8211; Bauingenieurin bei Eiffage Rail<\/a><\/h3><div class=\"kt-blocks-post-top-meta\"><div class=\"kt-blocks-date\"><time datetime=\"2021-07-26T16:03:58+02:00\" class=\"kt-blocks-post-date\">26. July 2021<\/time><\/div><div class=\"kt-blocks-meta-divider kt-blocks-meta-has-divider\">&#183;<\/div><div class=\"kt-blocks-post-author\"><span class=\"kt-blocks-categories\"><a href=\"https:\/\/www.zukunftsbranche-bahn.de\/category\/interviews\/\" class=\"category-link-interviews\" rel=\"tag\">Interviews<\/a><\/span><\/div><\/div><\/header><div class=\"entry-content\">\u201eIch will etwas bauen!\u201c Juliane Thiel, Bauingenieurin bei Eiffage Rail Frau Thiel, wie kam es zu Ihrem Wunsch, Bauingenieurin zu werden?Das klingt jetzt vielleicht komisch,&#8230;<div class=\"kt-blocks-post-readmore-wrap\"><a class=\"kt-blocks-post-readmore\" href=\"https:\/\/www.zukunftsbranche-bahn.de\/en\/interviews\/juliane-thiel\/\">Weiterlesen<span class=\"screen-reader-text\"> Juliane Thiel &#8211; Bauingenieurin bei Eiffage Rail<\/span><\/a><\/div><\/div><footer class=\"kt-blocks-post-footer\"><div class=\"kt-blocks-post-footer-left\"><\/div><div class=\"kt-blocks-post-footer-right\"><\/div><\/footer><\/div><\/div><\/article><\/div><div class=\"kt-post-masonry-item kb-filter-57 post-144 post type-post status-publish format-standard has-post-thumbnail hentry category-interviews\"><article class=\"kt-blocks-post-grid-item\"><div class=\"kt-blocks-post-grid-item-inner-wrap kt-feat-image-align-top kt-feat-image-mobile-align-top kb-post-footer-bottom-align\"><div class=\"kadence-post-image\"><div class=\"kadence-post-image-intrisic kt-image-ratio-50\" style=\"padding-bottom:50%;\"><div class=\"kadence-post-image-inner-intrisic\"><a aria-hidden=\"true\" tabindex=\"-1\" role=\"presentation\" href=\"https:\/\/www.zukunftsbranche-bahn.de\/en\/interviews\/jana-glenewinkel\/\" aria-label=\"Jana Glenewinkel &#8211; Berufseinstieg als Trainee bei der Transdev GmbH\" class=\"kadence-post-image-inner-wrap\"><img loading=\"lazy\" decoding=\"async\" width=\"768\" height=\"512\" src=\"https:\/\/www.zukunftsbranche-bahn.de\/wp-content\/uploads\/Jana-Glenewinkel-768x512.jpg\" class=\"attachment-medium_large size-medium_large wp-post-image\" alt=\"\" srcset=\"https:\/\/www.zukunftsbranche-bahn.de\/wp-content\/uploads\/Jana-Glenewinkel-768x512.jpg 768w, https:\/\/www.zukunftsbranche-bahn.de\/wp-content\/uploads\/Jana-Glenewinkel-300x200.jpg 300w, https:\/\/www.zukunftsbranche-bahn.de\/wp-content\/uploads\/Jana-Glenewinkel-1024x683.jpg 1024w, https:\/\/www.zukunftsbranche-bahn.de\/wp-content\/uploads\/Jana-Glenewinkel-1536x1024.jpg 1536w, https:\/\/www.zukunftsbranche-bahn.de\/wp-content\/uploads\/Jana-Glenewinkel.jpg 1920w\" sizes=\"auto, (max-width: 768px) 100vw, 768px\" \/><\/a><\/div><\/div><\/div><div class=\"kt-blocks-post-grid-item-inner\"><header><h3 class=\"entry-title\"><a href=\"https:\/\/www.zukunftsbranche-bahn.de\/en\/interviews\/jana-glenewinkel\/\">Jana Glenewinkel &#8211; Berufseinstieg als Trainee bei der Transdev GmbH<\/a><\/h3><div class=\"kt-blocks-post-top-meta\"><div class=\"kt-blocks-date\"><time datetime=\"2021-07-26T16:03:14+02:00\" class=\"kt-blocks-post-date\">26. July 2021<\/time><\/div><div class=\"kt-blocks-meta-divider kt-blocks-meta-has-divider\">&#183;<\/div><div class=\"kt-blocks-post-author\"><span class=\"kt-blocks-categories\"><a href=\"https:\/\/www.zukunftsbranche-bahn.de\/category\/interviews\/\" class=\"category-link-interviews\" rel=\"tag\">Interviews<\/a><\/span><\/div><\/div><\/header><div class=\"entry-content\">Traineeprogramm f\u00fcr den Einstieg ins Berufsleben Viele Wege f\u00fchren bekanntlich nach Rom, und so bietet auch die Transdev Berufseinsteigern unterschiedliche M\u00f6glichkeiten zum Start ins Arbeitsleben&#8230;.<div class=\"kt-blocks-post-readmore-wrap\"><a class=\"kt-blocks-post-readmore\" href=\"https:\/\/www.zukunftsbranche-bahn.de\/en\/interviews\/jana-glenewinkel\/\">Weiterlesen<span class=\"screen-reader-text\"> Jana Glenewinkel &#8211; Berufseinstieg als Trainee bei der Transdev GmbH<\/span><\/a><\/div><\/div><footer class=\"kt-blocks-post-footer\"><div class=\"kt-blocks-post-footer-left\"><\/div><div class=\"kt-blocks-post-footer-right\"><\/div><\/footer><\/div><\/div><\/article><\/div><div class=\"kt-post-masonry-item kb-filter-57 post-142 post type-post status-publish format-standard has-post-thumbnail hentry category-interviews\"><article class=\"kt-blocks-post-grid-item\"><div class=\"kt-blocks-post-grid-item-inner-wrap kt-feat-image-align-top kt-feat-image-mobile-align-top kb-post-footer-bottom-align\"><div class=\"kadence-post-image\"><div class=\"kadence-post-image-intrisic kt-image-ratio-50\" style=\"padding-bottom:50%;\"><div class=\"kadence-post-image-inner-intrisic\"><a aria-hidden=\"true\" tabindex=\"-1\" role=\"presentation\" href=\"https:\/\/www.zukunftsbranche-bahn.de\/en\/interviews\/pierre-simon-vandre\/\" aria-label=\"Pierre-Simon Vandr\u00e9 &#8211; Dual Studierender bei der SPITZKE SE\" class=\"kadence-post-image-inner-wrap\"><img loading=\"lazy\" decoding=\"async\" width=\"768\" height=\"512\" src=\"https:\/\/www.zukunftsbranche-bahn.de\/wp-content\/uploads\/Pierre-Simon-Vandre-768x512.jpg\" class=\"attachment-medium_large size-medium_large wp-post-image\" alt=\"\" srcset=\"https:\/\/www.zukunftsbranche-bahn.de\/wp-content\/uploads\/Pierre-Simon-Vandre-768x512.jpg 768w, https:\/\/www.zukunftsbranche-bahn.de\/wp-content\/uploads\/Pierre-Simon-Vandre-300x200.jpg 300w, https:\/\/www.zukunftsbranche-bahn.de\/wp-content\/uploads\/Pierre-Simon-Vandre-1024x683.jpg 1024w, https:\/\/www.zukunftsbranche-bahn.de\/wp-content\/uploads\/Pierre-Simon-Vandre-1536x1024.jpg 1536w, https:\/\/www.zukunftsbranche-bahn.de\/wp-content\/uploads\/Pierre-Simon-Vandre.jpg 1920w\" sizes=\"auto, (max-width: 768px) 100vw, 768px\" \/><\/a><\/div><\/div><\/div><div class=\"kt-blocks-post-grid-item-inner\"><header><h3 class=\"entry-title\"><a href=\"https:\/\/www.zukunftsbranche-bahn.de\/en\/interviews\/pierre-simon-vandre\/\">Pierre-Simon Vandr\u00e9 &#8211; Dual Studierender bei der SPITZKE SE<\/a><\/h3><div class=\"kt-blocks-post-top-meta\"><div class=\"kt-blocks-date\"><time datetime=\"2021-07-26T16:02:41+02:00\" class=\"kt-blocks-post-date\">26. July 2021<\/time><\/div><div class=\"kt-blocks-meta-divider kt-blocks-meta-has-divider\">&#183;<\/div><div class=\"kt-blocks-post-author\"><span class=\"kt-blocks-categories\"><a href=\"https:\/\/www.zukunftsbranche-bahn.de\/category\/interviews\/\" class=\"category-link-interviews\" rel=\"tag\">Interviews<\/a><\/span><\/div><\/div><\/header><div class=\"entry-content\">Nach der Ausbildung ist vor der Ausbildung Pierre-Simon Vandr\u00e9 hat bei der SPITZKE SE, einem der leistungsst\u00e4rksten Bahninfrastrukturunternehmen in Deutschland und Europa, erst seine Ausbildung&#8230;<div class=\"kt-blocks-post-readmore-wrap\"><a class=\"kt-blocks-post-readmore\" href=\"https:\/\/www.zukunftsbranche-bahn.de\/en\/interviews\/pierre-simon-vandre\/\">Weiterlesen<span class=\"screen-reader-text\"> Pierre-Simon Vandr\u00e9 &#8211; Dual Studierender bei der SPITZKE SE<\/span><\/a><\/div><\/div><footer class=\"kt-blocks-post-footer\"><div class=\"kt-blocks-post-footer-left\"><\/div><div class=\"kt-blocks-post-footer-right\"><\/div><\/footer><\/div><\/div><\/article><\/div><\/div><\/div><!-- .wp-block-kadence-postgrid -->\n\n<style>.wp-block-kadence-spacer.kt-block-spacer-_23a3d4-2e .kt-block-spacer{height:60px;}.wp-block-kadence-spacer.kt-block-spacer-_23a3d4-2e .kt-divider{border-top-width:1px;height:1px;border-top-color:var(--global-palette7, #EDF2F7);width:80%;border-top-style:solid;}<\/style>\n<div class=\"wp-block-kadence-spacer aligncenter kt-block-spacer-_23a3d4-2e\"><div class=\"kt-block-spacer kt-block-spacer-halign-center\"><hr class=\"kt-divider\"\/><\/div><\/div>\n\n\n\n<div class=\"tb-button\" data-toolset-blocks-button=\"5b7d731b24e843948b945f22b68fc57e\"><a class=\"tb-button__link\" href=\"https:\/\/www.zukunftsbranche-bahn.de\/en\/article\/\"><i class=\"tb-button__icon\"><\/i><span class=\"tb-button__content\">Read older articles<\/span><\/a><\/div>\n<\/div><\/div>\n<\/div>\n<\/div>\n","protected":false},"excerpt":{"rendered":"","protected":false},"author":1,"featured_media":0,"parent":0,"menu_order":0,"comment_status":"closed","ping_status":"closed","template":"","meta":{"inline_featured_image":false,"_kad_blocks_custom_css":"","_kad_blocks_head_custom_js":"","_kad_blocks_body_custom_js":"","_kad_blocks_footer_custom_js":"","_kad_post_transparent":"","_kad_post_title":"","_kad_post_layout":"","_kad_post_sidebar_id":"","_kad_post_content_style":"","_kad_post_vertical_padding":"","_kad_post_feature":"","_kad_post_feature_position":"","_kad_post_header":false,"_kad_post_footer":false,"footnotes":""},"class_list":["post-2676","page","type-page","status-publish","hentry"],"taxonomy_info":[],"featured_image_src_large":false,"author_info":{"display_name":"admin","author_link":"https:\/\/www.zukunftsbranche-bahn.de\/en\/author\/schwarzbunt\/"},"comment_info":0,"_links":{"self":[{"href":"https:\/\/www.zukunftsbranche-bahn.de\/en\/wp-json\/wp\/v2\/pages\/2676","targetHints":{"allow":["GET"]}}],"collection":[{"href":"https:\/\/www.zukunftsbranche-bahn.de\/en\/wp-json\/wp\/v2\/pages"}],"about":[{"href":"https:\/\/www.zukunftsbranche-bahn.de\/en\/wp-json\/wp\/v2\/types\/page"}],"author":[{"embeddable":true,"href":"https:\/\/www.zukunftsbranche-bahn.de\/en\/wp-json\/wp\/v2\/users\/1"}],"replies":[{"embeddable":true,"href":"https:\/\/www.zukunftsbranche-bahn.de\/en\/wp-json\/wp\/v2\/comments?post=2676"}],"version-history":[{"count":10,"href":"https:\/\/www.zukunftsbranche-bahn.de\/en\/wp-json\/wp\/v2\/pages\/2676\/revisions"}],"predecessor-version":[{"id":3354,"href":"https:\/\/www.zukunftsbranche-bahn.de\/en\/wp-json\/wp\/v2\/pages\/2676\/revisions\/3354"}],"wp:attachment":[{"href":"https:\/\/www.zukunftsbranche-bahn.de\/en\/wp-json\/wp\/v2\/media?parent=2676"}],"curies":[{"name":"wp","href":"https:\/\/api.w.org\/{rel}","templated":true}]}}